{"id":360,"date":"2025-07-05T12:21:15","date_gmt":"2025-07-05T10:21:15","guid":{"rendered":"https:\/\/arrangementtheatre.com\/?page_id=360"},"modified":"2025-07-05T12:23:48","modified_gmt":"2025-07-05T10:23:48","slug":"parcours-de-la-compagnie-arrangement-theatre","status":"publish","type":"page","link":"https:\/\/arrangementtheatre.com\/it\/parcours-de-la-compagnie-arrangement-theatre\/","title":{"rendered":"Parcours de la compagnie Arrangement Th\u00e9\u00e2tre"},"content":{"rendered":"<style>.kb-row-layout-id360_037fe2-67 > .kt-row-column-wrap{align-content:start;}:where(.kb-row-layout-id360_037fe2-67 > .kt-row-column-wrap) > .wp-block-kadence-column{justify-content:start;}.kb-row-layout-id360_037fe2-67 > .kt-row-column-wrap{column-gap:var(--global-kb-gap-md, 2rem);row-gap:var(--global-kb-gap-md, 2rem);padding-top:var(--global-kb-spacing-sm, 1.5rem);padding-bottom:var(--global-kb-spacing-sm, 1.5rem);}.kb-row-layout-id360_037fe2-67 > .kt-row-column-wrap > div:not(.added-for-specificity){grid-column:initial;}.kb-row-layout-id360_037fe2-67 > .kt-row-column-wrap{grid-template-columns:minmax(0, 1fr) minmax(0, 6fr) minmax(0, 1fr);}.kb-row-layout-id360_037fe2-67 > .kt-row-layout-overlay{opacity:0.30;}@media all and (max-width: 1024px){.kb-row-layout-id360_037fe2-67 > .kt-row-column-wrap > div:not(.added-for-specificity){grid-column:initial;}}@media all and (max-width: 1024px){.kb-row-layout-id360_037fe2-67 > .kt-row-column-wrap{grid-template-columns:minmax(0, 1fr) minmax(0, 6fr) minmax(0, 1fr);}}@media all and (max-width: 767px){.kb-row-layout-id360_037fe2-67 > .kt-row-column-wrap > div:not(.added-for-specificity){grid-column:initial;}.kb-row-layout-id360_037fe2-67 > .kt-row-column-wrap{grid-template-columns:minmax(0, 1fr);}}<\/style><div class=\"kb-row-layout-wrap kb-row-layout-id360_037fe2-67 alignnone wp-block-kadence-rowlayout\"><div class=\"kt-row-column-wrap kt-has-3-columns kt-row-layout-center-exwide kt-tab-layout-inherit kt-mobile-layout-row kt-row-valign-top\">\n<style>.kadence-column360_f6b1d5-2a > .kt-inside-inner-col,.kadence-column360_f6b1d5-2a > .kt-inside-inner-col:before{border-top-left-radius:0px;border-top-right-radius:0px;border-bottom-right-radius:0px;border-bottom-left-radius:0px;}.kadence-column360_f6b1d5-2a > .kt-inside-inner-col{column-gap:var(--global-kb-gap-sm, 1rem);}.kadence-column360_f6b1d5-2a > .kt-inside-inner-col{flex-direction:column;}.kadence-column360_f6b1d5-2a > .kt-inside-inner-col > .aligncenter{width:100%;}.kadence-column360_f6b1d5-2a > .kt-inside-inner-col:before{opacity:0.3;}.kadence-column360_f6b1d5-2a{position:relative;}@media all and (max-width: 1024px){.kadence-column360_f6b1d5-2a > .kt-inside-inner-col{flex-direction:column;justify-content:center;}}@media all and (max-width: 767px){.kadence-column360_f6b1d5-2a > .kt-inside-inner-col{flex-direction:column;justify-content:center;}}<\/style>\n<div class=\"wp-block-kadence-column kadence-column360_f6b1d5-2a\"><div class=\"kt-inside-inner-col\"><\/div><\/div>\n\n\n<style>.kadence-column360_3dabe0-af > .kt-inside-inner-col,.kadence-column360_3dabe0-af > .kt-inside-inner-col:before{border-top-left-radius:0px;border-top-right-radius:0px;border-bottom-right-radius:0px;border-bottom-left-radius:0px;}.kadence-column360_3dabe0-af > .kt-inside-inner-col{column-gap:var(--global-kb-gap-sm, 1rem);}.kadence-column360_3dabe0-af > .kt-inside-inner-col{flex-direction:column;}.kadence-column360_3dabe0-af > .kt-inside-inner-col > .aligncenter{width:100%;}.kadence-column360_3dabe0-af > .kt-inside-inner-col:before{opacity:0.3;}.kadence-column360_3dabe0-af{position:relative;}@media all and (max-width: 1024px){.kadence-column360_3dabe0-af > .kt-inside-inner-col{flex-direction:column;justify-content:center;}}@media all and (max-width: 767px){.kadence-column360_3dabe0-af > .kt-inside-inner-col{flex-direction:column;justify-content:center;}}<\/style>\n<div class=\"wp-block-kadence-column kadence-column360_3dabe0-af\"><div class=\"kt-inside-inner-col\">\n<p><em>\u00ab\u00a0L\u2019aventure d\u2019Arrangement Th\u00e9\u00e2tre m\u2019a ouvert la porte de la libert\u00e9 de cr\u00e9ation et m\u2019a permis d\u2019affirmer mon go\u00fbt de l\u2019in\u00e9dit. Toutes mes propositions partent de faits r\u00e9els. Je questionne notre \u00e9poque, notre actualit\u00e9, \u00e0 la lumi\u00e8re des\u00a0femmes et des\u00a0hommes d\u00e9terminants par leur caract\u00e8re ou leur parcours. Je cherche de nouveaux angles de vue,\u00a0\u00e0\u00a0dire la vie et le monde tels qu\u2019ils sont pour balayer la m\u00e9connaissance et parfois les pr\u00e9jug\u00e9s tenaces qui nous maintiennent dans l\u2019obscurit\u00e9. Et rester r\u00e9solument ludique.\u00a0\u00bb<\/em><br><strong>Val\u00e9rie Durin <\/strong><br><\/p>\n\n\n\n<p><em>Cr\u00e9ations et diffusions de spectacles\u00a0<\/em><\/p>\n\n\n\n<p>2014 \/ 2015<\/p>\n\n\n\n<p>\u2022&nbsp;<em>Les Insomnies de Moli\u00e8re&nbsp;<\/em><\/p>\n\n\n\n<p>Texte et mise en sc\u00e8ne Val\u00e9rie Durin&nbsp;<\/p>\n\n\n\n<p>Les nuits de Madeleine B\u00e9jart et Moli\u00e8re, compagnons de 30 ans de th\u00e9\u00e2tre<\/p>\n\n\n\n<p>avec&nbsp;deux acteurs et un musicien. Repr\u00e9sentations pour les publics emp\u00each\u00e9s<\/p>\n\n\n\n<p>\u2022&nbsp;<em>Chlore 17<\/em><\/p>\n\n\n\n<p>Texte et mise en sc\u00e8ne Karine&nbsp;Bergami<\/p>\n\n\n\n<p>R\u00e9cit autobiographique d\u2019une relation fluctuante avec l\u2019eau senteur javel par une championne d\u2019apn\u00e9e dynamique. Spectacle propos\u00e9 en piscine.&nbsp;<\/p>\n\n\n\n<p>2015 \/ 2016<\/p>\n\n\n\n<p>\u2022&nbsp;<em>Le Premier qui&nbsp;<\/em><em>r<\/em><em>ira, com\u00e9die h\u00e9ro\u00efque<\/em><\/p>\n\n\n\n<p>Texte et mise en sc\u00e8ne Val\u00e9rie Durin<\/p>\n\n\n\n<p>Com\u00e9die h\u00e9ro\u00efque qui met en sc\u00e8ne des personnages ayant trait aux int\u00e9r\u00eats&nbsp;de l\u2019Etat.&nbsp;<\/p>\n\n\n\n<p>Avec quatre acteurs. Avignon OFF 2015<\/p>\n\n\n\n<p>\u2022&nbsp;<em>Le Prot\u00e9g\u00e9 de Robespierre&nbsp;<\/em><\/p>\n\n\n\n<p>Texte et mise en sc\u00e8ne Val\u00e9rie Durin<\/p>\n\n\n\n<p>Lumi\u00e8re sur F\u00e9lix&nbsp;Lepeletier&nbsp;de Saint-Fargeau, personnage m\u00e9connu de la R\u00e9volution&nbsp;Fran\u00e7aise. Avec trois acteurs.&nbsp;Pi\u00e8ce laur\u00e9ate des Editions d\u2019Avignon OFF 2015&nbsp;<\/p>\n\n\n\n<p>2016 \/ 2017<\/p>\n\n\n\n<p>\u2022&nbsp;<em>Al\u00e9sia les m\u00e9chants de Bourgogne<\/em><\/p>\n\n\n\n<p>Texte et mise en sc\u00e8ne Val\u00e9rie Durin<\/p>\n\n\n\n<p>Une plong\u00e9e amus\u00e9e dans l\u2019histoire \u00e0 l\u2019heure de la fusion des r\u00e9gions Bourgogne-Franche-Comt\u00e9.&nbsp;Avec deux acteurs. Spectacle&nbsp;en cor\u00e9alisation avec&nbsp;Le Th\u00e9\u00e2tre, sc\u00e8ne conventionn\u00e9e d\u2019Auxerre,&nbsp;soutenu par&nbsp;la R\u00e9gion Bourgogne-Franche-Comt\u00e9 et le D\u00e9partement de l\u2019Yonne. Festival Avignon OFF 2016.<\/p>\n\n\n\n<p>\u2022&nbsp;<em>Racine\u00b2<\/em><\/p>\n\n\n\n<p>Texte et mise en sc\u00e8ne Val\u00e9rie Durin. Projet initi\u00e9 par Dominique&nbsp;Labb\u00e9, chercheur au CNRS<\/p>\n\n\n\n<p>Racine \u00e9tait-il un agent double&nbsp;? Contraint au silence, l\u2019historiographe du Roi aurait-il gard\u00e9 son secret&nbsp;? Avec deux acteurs. Festival Avignon OFF 2017.<\/p>\n\n\n\n<p>Soutiens&nbsp;: Espace culturel de Mon\u00e9teau, D\u00e9partement de l\u2019Yonne.&nbsp;Affluences \/&nbsp;Fonds de professionnalisation du OFF.&nbsp;<\/p>\n\n\n\n<p>2017 \/2018<\/p>\n\n\n\n<p>\u2022&nbsp;<em>Bambina<\/em><\/p>\n\n\n\n<p>Texte &nbsp;Karine&nbsp;Bergami<\/p>\n\n\n\n<p>Comment dire son enfance&nbsp;? Issue d\u2019une lign\u00e9e italienne joyeuse, l\u2019auteur laisse \u00e9chapper ses \u00e9motions condens\u00e9es dans une parole intime et d\u00e9cha\u00een\u00e9e. Avec une actrice et un acteur-patineur. R\u00e9sidence Th\u00e9\u00e2tre des Franciscains de B\u00e9ziers.<\/p>\n\n\n\n<p>2018 \/2019<\/p>\n\n\n\n<p>\u2022&nbsp;<em>Corneille Moli\u00e8re&nbsp;<\/em><em>l\u2019a<\/em><em>rrangement<\/em><\/p>\n\n\n\n<p>Texte et mise en sc\u00e8ne Val\u00e9rie Durin<\/p>\n\n\n\n<p>L&rsquo;un \u00e9crit, l&rsquo;autre construit. L&rsquo;un s&rsquo;\u00e9tiole, l&rsquo;autre s&rsquo;\u00e9panouit. Deux ennemis collaborant au-del\u00e0 de leur propre mort. Indissociables.&nbsp;<\/p>\n\n\n\n<p>Avec deux acteurs. Soutiens Th\u00e9\u00e2tre de Sens, Espace culturel de Mon\u00e9teau, Ville&nbsp;de P\u00e9zenas, D\u00e9partement de l\u2019Yonne &#8211;&nbsp;Parution chez&nbsp;Domens, collection th\u00e9\u00e2tre<\/p>\n\n\n\n<p>\u2022&nbsp;<em>Num\u00e9ros d\u2019\u00e9crou<\/em><\/p>\n\n\n\n<p>Texte et mise en sc\u00e8ne Val\u00e9rie Durin<\/p>\n\n\n\n<p>L\u2019histoire vraie, comique et d\u00e9sesp\u00e9rante d\u2019un atelier th\u00e9\u00e2tre mixte dans une prisonfran\u00e7aise d\u2019aujourd\u2019hui.<\/p>\n\n\n\n<p>Avec les quinze com\u00e9diens amateurs des \u00ab&nbsp;Pr\u00e9tendants&nbsp;\u00bb (Auxerre). Soutiens du&nbsp;Minist\u00e8re&nbsp;de la Culture, du D\u00e9partement de l\u2019Yonne et du&nbsp;Skenet\u00b0Eau.<\/p>\n\n\n\n<p>2019\/2020<\/p>\n\n\n\n<p>\u2022&nbsp;<em>Corneille Moli\u00e8re l\u2019arrangement&nbsp;<\/em><\/p>\n\n\n\n<p>Texte, conception sc\u00e9nique et jeu Val\u00e9rie Durin,&nbsp;co-mise en sc\u00e8ne Elodie Chanut<\/p>\n\n\n\n<p>L\u2019accord est secret, la collaboration discr\u00e8te, la rivalit\u00e9 certaine et l\u2019enqu\u00eate palpitante.&nbsp;<\/p>\n\n\n\n<p>Reprise de la pi\u00e8ce avec le soutien du Th\u00e9\u00e2tre de l\u2019Ep\u00e9e de Bois Cartoucherie de Paris<\/p>\n\n\n\n<p>Festivals&nbsp;OFF d\u2019Avignon 2021, 2022 et 2023<\/p>\n\n\n\n<p>2020\/2021\/2022<\/p>\n\n\n\n<p>\u2022&nbsp;<em>Blanche confession<\/em><\/p>\n\n\n\n<p>Texte, conception et jeu Val\u00e9rie Durin, cr\u00e9ation sonore Jean-Marc&nbsp;Istria<\/p>\n\n\n\n<p>Librement inspir\u00e9 des r\u00e9cits autobiographiques de Mikha\u00efl BOULGAKOV<\/p>\n\n\n\n<p>\u00a0\u00bb&nbsp;Je n\u2019ai pas eu la force de partir, j\u2019ai eu celle de rester. Voil\u00e0, c\u2019est comme \u00e7a qu\u2019il faut en parler. J\u2019ai eu la force de rester.\u00a0\u00bb<\/p>\n\n\n\n<p>Cr\u00e9ation th\u00e9\u00e2tre \u00e0 domicile \u2013 Festival OFF d\u2019Avignon 2021-&nbsp;Soutien du&nbsp;Fonds de professionnalisation du OFF.&nbsp;<\/p>\n\n\n\n<p>\u2022&nbsp;<em>Mon Amour de grillage<\/em><\/p>\n\n\n\n<p>Texte et mise en sc\u00e8ne Val\u00e9rie Durin&nbsp;<\/p>\n\n\n\n<p>Un amour de grillage un peu comme un amour de vacances, celui qui prend naissance subrepticement pendant les circulations entre les grillages des hommes et des femmes d\u00e9tenus.<\/p>\n\n\n\n<p>Avec quatre acteurs. Aide \u00e0 l\u2019\u00e9criture de la R\u00e9gion Bourgogne Franche-Comt\u00e9. R\u00e9sidence \u00e0 L\u2019Artdam&nbsp;(Longvic-Dijon) et au&nbsp;Skenet\u00b0Eau&nbsp;de Mon\u00e9teau 2021.&nbsp;<\/p>\n\n\n\n<p>2023\/2024\/2025<\/p>\n\n\n\n<p>\u2022&nbsp;<em>Jules a menti<\/em><\/p>\n\n\n\n<p>\u2022&nbsp;<em>C\u0153ur serr\u00e9 (en coproduction avec&nbsp;<\/em><em>Motra<\/em><em>&nbsp;et la Cie Libre d\u2019Esprit)<\/em><\/p>\n\n\n\n<p>\u2022&nbsp;<strong>Actions Th\u00e9\u00e2tre \u2013 2014 \/ 202<\/strong><strong>5<\/strong><\/p>\n\n\n\n<p>o&nbsp;Formation professionnelle&nbsp;: ma\u00eetrise de la voix parl\u00e9e<\/p>\n\n\n\n<p>\u2022&nbsp;Convention Conservatoire d&rsquo;Auxerre&nbsp;: ateliers de pratique th\u00e9\u00e2trale<\/p>\n\n\n\n<p>&nbsp; &nbsp; &nbsp; &nbsp; &nbsp; &nbsp; &nbsp; &nbsp; &nbsp; &nbsp; &nbsp; &nbsp; &nbsp;Cycle de trois ans d&rsquo;apprentissage \u00e0 partir de 15 ans&nbsp;<\/p>\n\n\n\n<p>\u2022&nbsp;Conventions Actions Th\u00e9\u00e2tre en Prison<\/p>\n\n\n\n<p>Avec l&rsquo;AGEM action soutenue par le&nbsp;Minist\u00e8re&nbsp;de la Justice (SPIP) et la DRAC<\/p>\n\n\n\n<p>Avec le Th\u00e9\u00e2tre d\u2019Auxerre, sc\u00e8ne conventionn\u00e9e, DRAC,&nbsp;Minist\u00e8re&nbsp;de la Justice<\/p>\n\n\n\n<p>\u2022&nbsp;Conventions Th\u00e9\u00e2tre-Ecole d\u2019Auxerre<\/p>\n\n\n\n<p>Cursus de trois ans d\u2019apprentissage \u00e0 la pratique th\u00e9\u00e2trale \u00e0 partir de 15 ans. Ville d\u2019Auxerre<\/p>\n\n\n\n<p>\u2022&nbsp;Conventions Universit\u00e9 de Bourgogne<\/p>\n\n\n\n<p>Interventions \u00e9cole du spectateur et pratique th\u00e9\u00e2trale en IUT&nbsp;technico-commercial<\/p>\n\n\n\n<p>\u2022&nbsp;Stages d\u2019approfondissement de pratique th\u00e9\u00e2trale \u00e0 destination des com\u00e9diens amateurs&nbsp;organis\u00e9s en partenariat avec le nouvel Espace culturel de Mon\u00e9teau<\/p>\n\n\n\n<p>\u2022&nbsp;Stages de citoyennet\u00e9, interventions contre les violences&nbsp;au sein du couple et sexistes&nbsp;: conventions avec le SPIP de l\u2019Yonne&nbsp;(Auxerre et Sens)<\/p>\n\n\n\n<p>o&nbsp;Convention Th\u00e9\u00e2tre \/ Justice, projet transversal avec la PJJ de Troyes<\/p>\n\n\n\n<p>o&nbsp;Actions th\u00e9\u00e2tre avec le public, pratique th\u00e9\u00e2trale, ateliers, d\u00e9bats, \u00e9changes autour de nos cr\u00e9ations<\/p>\n\n\n\n<hr class=\"wp-block-separator has-text-color has-theme-palette-1-color has-alpha-channel-opacity has-theme-palette-1-background-color has-background\" \/>\n\n\n<style>.wp-block-kadence-advancedheading.kt-adv-heading360_2dda52-9b, .wp-block-kadence-advancedheading.kt-adv-heading360_2dda52-9b[data-kb-block=\"kb-adv-heading360_2dda52-9b\"]{font-style:normal;}.wp-block-kadence-advancedheading.kt-adv-heading360_2dda52-9b mark.kt-highlight, .wp-block-kadence-advancedheading.kt-adv-heading360_2dda52-9b[data-kb-block=\"kb-adv-heading360_2dda52-9b\"] mark.kt-highlight{font-style:normal;color:#f76a0c;-webkit-box-decoration-break:clone;box-decoration-break:clone;padding-top:0px;padding-right:0px;padding-bottom:0px;padding-left:0px;}.wp-block-kadence-advancedheading.kt-adv-heading360_2dda52-9b img.kb-inline-image, .wp-block-kadence-advancedheading.kt-adv-heading360_2dda52-9b[data-kb-block=\"kb-adv-heading360_2dda52-9b\"] img.kb-inline-image{width:150px;vertical-align:baseline;}<\/style>\n<h5 class=\"kt-adv-heading360_2dda52-9b wp-block-kadence-advancedheading\" data-kb-block=\"kb-adv-heading360_2dda52-9b\">Arrangement Th\u00e9\u00e2tre participe, depuis 2015, au\u00a0<strong>Festival Off d\u2019Avignon\u00a0<\/strong>pour d\u00e9fendre un th\u00e9\u00e2tre de cr\u00e9ation. En 2015,\u00a0<em>Le Prot\u00e9g\u00e9 de Robespierre<\/em>\u00a0a \u00e9t\u00e9 le laur\u00e9at des \u00c9ditions du OFF.\u00a0<\/h5>\n\n\n\n<hr class=\"wp-block-separator has-text-color has-theme-palette-1-color has-alpha-channel-opacity has-theme-palette-1-background-color has-background\" \/>\n\n\n<style>.wp-block-kadence-advancedheading.kt-adv-heading360_a75765-d1, .wp-block-kadence-advancedheading.kt-adv-heading360_a75765-d1[data-kb-block=\"kb-adv-heading360_a75765-d1\"]{font-style:normal;}.wp-block-kadence-advancedheading.kt-adv-heading360_a75765-d1 mark.kt-highlight, .wp-block-kadence-advancedheading.kt-adv-heading360_a75765-d1[data-kb-block=\"kb-adv-heading360_a75765-d1\"] mark.kt-highlight{font-style:normal;color:#f76a0c;-webkit-box-decoration-break:clone;box-decoration-break:clone;padding-top:0px;padding-right:0px;padding-bottom:0px;padding-left:0px;}.wp-block-kadence-advancedheading.kt-adv-heading360_a75765-d1 img.kb-inline-image, .wp-block-kadence-advancedheading.kt-adv-heading360_a75765-d1[data-kb-block=\"kb-adv-heading360_a75765-d1\"] img.kb-inline-image{width:150px;vertical-align:baseline;}<\/style>\n<h5 class=\"kt-adv-heading360_a75765-d1 wp-block-kadence-advancedheading\" data-kb-block=\"kb-adv-heading360_a75765-d1\"><em>Val\u00e9rie Durin a \u00e9t\u00e9 \u00e9lue en 2020 au Coll\u00e8ge B pour repr\u00e9senter les compagnies au bureau du Conseil d\u2019Administration d\u2019AF&amp;C, association qui g\u00e8re le festival Off d\u2019Avignon.<\/em><\/h5>\n\n\n\n<hr class=\"wp-block-separator has-text-color has-theme-palette-1-color has-alpha-channel-opacity has-theme-palette-1-background-color has-background\" \/>\n\n\n<style>.wp-block-kadence-advancedheading.kt-adv-heading360_3f1383-2d, .wp-block-kadence-advancedheading.kt-adv-heading360_3f1383-2d[data-kb-block=\"kb-adv-heading360_3f1383-2d\"]{font-style:normal;}.wp-block-kadence-advancedheading.kt-adv-heading360_3f1383-2d mark.kt-highlight, .wp-block-kadence-advancedheading.kt-adv-heading360_3f1383-2d[data-kb-block=\"kb-adv-heading360_3f1383-2d\"] mark.kt-highlight{font-style:normal;color:#f76a0c;-webkit-box-decoration-break:clone;box-decoration-break:clone;padding-top:0px;padding-right:0px;padding-bottom:0px;padding-left:0px;}.wp-block-kadence-advancedheading.kt-adv-heading360_3f1383-2d img.kb-inline-image, .wp-block-kadence-advancedheading.kt-adv-heading360_3f1383-2d[data-kb-block=\"kb-adv-heading360_3f1383-2d\"] img.kb-inline-image{width:150px;vertical-align:baseline;}<\/style>\n<h5 class=\"kt-adv-heading360_3f1383-2d wp-block-kadence-advancedheading\" data-kb-block=\"kb-adv-heading360_3f1383-2d\">Depuis cinq saisons, la compagnie re\u00e7oit le soutien du&nbsp;<strong>Th\u00e9\u00e2tre de l\u2019\u00c9p\u00e9e de Bois Cartoucherie de Paris route du Champ de Manoeuvre<\/strong>, lieu d\u2019accueil de ses cinq derni\u00e8res cr\u00e9ations.<\/h5>\n<\/div><\/div>\n\n\n<style>.kadence-column360_0b6f13-74 > .kt-inside-inner-col,.kadence-column360_0b6f13-74 > .kt-inside-inner-col:before{border-top-left-radius:0px;border-top-right-radius:0px;border-bottom-right-radius:0px;border-bottom-left-radius:0px;}.kadence-column360_0b6f13-74 > .kt-inside-inner-col{column-gap:var(--global-kb-gap-sm, 1rem);}.kadence-column360_0b6f13-74 > .kt-inside-inner-col{flex-direction:column;}.kadence-column360_0b6f13-74 > .kt-inside-inner-col > .aligncenter{width:100%;}.kadence-column360_0b6f13-74 > .kt-inside-inner-col:before{opacity:0.3;}.kadence-column360_0b6f13-74{position:relative;}@media all and (max-width: 1024px){.kadence-column360_0b6f13-74 > .kt-inside-inner-col{flex-direction:column;justify-content:center;}}@media all and (max-width: 767px){.kadence-column360_0b6f13-74 > .kt-inside-inner-col{flex-direction:column;justify-content:center;}}<\/style>\n<div class=\"wp-block-kadence-column kadence-column360_0b6f13-74\"><div class=\"kt-inside-inner-col\"><\/div><\/div>\n\n<\/div><\/div>","protected":false},"excerpt":{"rendered":"<p>\u00ab\u00a0L\u2019aventure d\u2019Arrangement Th\u00e9\u00e2tre m\u2019a ouvert la porte de la libert\u00e9 de cr\u00e9ation et m\u2019a permis d\u2019affirmer mon go\u00fbt de l\u2019in\u00e9dit. Toutes mes propositions partent de faits r\u00e9els. Je questionne notre \u00e9poque, notre actualit\u00e9, \u00e0 la lumi\u00e8re des\u00a0femmes et des\u00a0hommes d\u00e9terminants par leur caract\u00e8re ou leur parcours. Je cherche de nouveaux angles de vue,\u00a0\u00e0\u00a0dire la vie&#8230;<\/p>","protected":false},"author":2,"featured_media":0,"parent":0,"menu_order":0,"comment_status":"closed","ping_status":"closed","template":"","meta":{"_acf_changed":false,"_kad_blocks_custom_css":"","_kad_blocks_head_custom_js":"","_kad_blocks_body_custom_js":"","_kad_blocks_footer_custom_js":"","_kadence_starter_templates_imported_post":false,"_kad_post_transparent":"","_kad_post_title":"","_kad_post_layout":"","_kad_post_sidebar_id":"","_kad_post_content_style":"","_kad_post_vertical_padding":"","_kad_post_feature":"","_kad_post_feature_position":"","_kad_post_header":false,"_kad_post_footer":false,"_kad_post_classname":"","footnotes":""},"class_list":["post-360","page","type-page","status-publish","hentry"],"acf":[],"taxonomy_info":[],"featured_image_src_large":false,"author_info":{"display_name":"manon","author_link":"https:\/\/arrangementtheatre.com\/it\/author\/manon\/"},"comment_info":"","_links":{"self":[{"href":"https:\/\/arrangementtheatre.com\/it\/wp-json\/wp\/v2\/pages\/360","targetHints":{"allow":["GET"]}}],"collection":[{"href":"https:\/\/arrangementtheatre.com\/it\/wp-json\/wp\/v2\/pages"}],"about":[{"href":"https:\/\/arrangementtheatre.com\/it\/wp-json\/wp\/v2\/types\/page"}],"author":[{"embeddable":true,"href":"https:\/\/arrangementtheatre.com\/it\/wp-json\/wp\/v2\/users\/2"}],"replies":[{"embeddable":true,"href":"https:\/\/arrangementtheatre.com\/it\/wp-json\/wp\/v2\/comments?post=360"}],"version-history":[{"count":0,"href":"https:\/\/arrangementtheatre.com\/it\/wp-json\/wp\/v2\/pages\/360\/revisions"}],"wp:attachment":[{"href":"https:\/\/arrangementtheatre.com\/it\/wp-json\/wp\/v2\/media?parent=360"}],"curies":[{"name":"wp","href":"https:\/\/api.w.org\/{rel}","templated":true}]}}