{"id":171,"date":"2025-07-04T22:45:51","date_gmt":"2025-07-04T20:45:51","guid":{"rendered":"https:\/\/arrangementtheatre.com\/?post_type=spectacle&#038;p=171"},"modified":"2026-01-05T10:09:29","modified_gmt":"2026-01-05T09:09:29","slug":"numero-decrou","status":"publish","type":"spectacle","link":"https:\/\/arrangementtheatre.com\/it\/spectacle\/numero-decrou\/","title":{"rendered":"Numeri di dado"},"content":{"rendered":"<style>.wp-block-kadence-advancedgallery .kb-gallery-type-masonry.kb-gallery-id-171_3c2ecb-89{margin:-5px;}.kb-gallery-type-masonry.kb-gallery-id-171_3c2ecb-89 .kadence-blocks-gallery-item{padding:5px;}.kb-gallery-id-171_3c2ecb-89 .kadence-blocks-gallery-item .kb-gal-image-radius, .kb-gallery-id-171_3c2ecb-89 .kb-slide-item .kb-gal-image-radius img{border-radius:0px 0px 0px 0px;;}<\/style><div class=\"kb-gallery-wrap-id-171_3c2ecb-89 alignfull alignfull wp-block-kadence-advancedgallery\"><ul class=\"kb-gallery-ul kb-gallery-non-static kb-gallery-type-masonry kb-masonry-init kb-gallery-id-171_3c2ecb-89 kb-gallery-caption-style-bottom-hover kb-gallery-filter-none\" data-image-filter=\"none\" data-item-selector=\".kadence-blocks-gallery-item\" data-lightbox-caption=\"true\" data-columns-xxl=\"1\" data-columns-xl=\"1\" data-columns-md=\"1\" data-columns-sm=\"1\" data-columns-xs=\"1\" data-columns-ss=\"1\"><li class=\"kadence-blocks-gallery-item\" tabindex=\"0\"><div class=\"kadence-blocks-gallery-item-inner\"><figure class=\"kb-gallery-figure kadence-blocks-gallery-item-hide-caption\"><div class=\"kb-gal-image-radius\" style=\"max-width:1725px;\"><div class=\"kb-gallery-image-contain kadence-blocks-gallery-intrinsic\" style=\"padding-bottom:38%;\"><img loading=\"lazy\" decoding=\"async\" src=\"https:\/\/arrangementtheatre.com\/wp-content\/uploads\/sites\/25\/2025\/07\/bandeau_FB_cover_photo_NE_828x315px_-01.jpg\" width=\"1725\" height=\"656\" alt=\"\" data-full-image=\"https:\/\/arrangementtheatre.com\/wp-content\/uploads\/sites\/25\/2025\/07\/bandeau_FB_cover_photo_NE_828x315px_-01.jpg\" data-light-image=\"https:\/\/arrangementtheatre.com\/wp-content\/uploads\/sites\/25\/2025\/07\/bandeau_FB_cover_photo_NE_828x315px_-01.jpg\" data-id=\"152\" class=\"wp-image-152\" srcset=\"https:\/\/arrangementtheatre.com\/wp-content\/uploads\/sites\/25\/2025\/07\/bandeau_FB_cover_photo_NE_828x315px_-01.jpg 1725w, https:\/\/arrangementtheatre.com\/wp-content\/uploads\/sites\/25\/2025\/07\/bandeau_FB_cover_photo_NE_828x315px_-01-300x114.jpg 300w, https:\/\/arrangementtheatre.com\/wp-content\/uploads\/sites\/25\/2025\/07\/bandeau_FB_cover_photo_NE_828x315px_-01-1024x389.jpg 1024w, https:\/\/arrangementtheatre.com\/wp-content\/uploads\/sites\/25\/2025\/07\/bandeau_FB_cover_photo_NE_828x315px_-01-768x292.jpg 768w, https:\/\/arrangementtheatre.com\/wp-content\/uploads\/sites\/25\/2025\/07\/bandeau_FB_cover_photo_NE_828x315px_-01-1536x584.jpg 1536w, https:\/\/arrangementtheatre.com\/wp-content\/uploads\/sites\/25\/2025\/07\/bandeau_FB_cover_photo_NE_828x315px_-01-18x7.jpg 18w\" sizes=\"auto, (max-width: 1725px) 100vw, 1725px\" \/><\/div><\/div><\/figure><\/div><\/li><\/ul><\/div>\n\n<style>.kb-row-layout-id171_81f6a4-82 > .kt-row-column-wrap{align-content:start;}:where(.kb-row-layout-id171_81f6a4-82 > .kt-row-column-wrap) > .wp-block-kadence-column{justify-content:start;}.kb-row-layout-id171_81f6a4-82 > .kt-row-column-wrap{column-gap:var(--global-kb-gap-md, 2rem);row-gap:var(--global-kb-gap-md, 2rem);padding-top:var(--global-kb-spacing-sm, 1.5rem);padding-bottom:var(--global-kb-spacing-sm, 1.5rem);grid-template-columns:minmax(0, calc(65% - ((var(--global-kb-gap-md, 2rem) * 1 )\/2)))minmax(0, calc(35% - ((var(--global-kb-gap-md, 2rem) * 1 )\/2)));}.kb-row-layout-id171_81f6a4-82 > .kt-row-layout-overlay{opacity:0.30;}@media all and (max-width: 1024px){.kb-row-layout-id171_81f6a4-82 > .kt-row-column-wrap{grid-template-columns:repeat(2, minmax(0, 1fr));}}@media all and (max-width: 767px){.kb-row-layout-id171_81f6a4-82 > .kt-row-column-wrap{grid-template-columns:minmax(0, 1fr);}}<\/style><div class=\"kb-row-layout-wrap kb-row-layout-id171_81f6a4-82 alignnone wp-block-kadence-rowlayout\"><div class=\"kt-row-column-wrap kt-has-2-columns kt-row-layout-equal kt-tab-layout-inherit kt-mobile-layout-row kt-row-valign-top\">\n<style>.kadence-column171_53b259-cc > .kt-inside-inner-col,.kadence-column171_53b259-cc > .kt-inside-inner-col:before{border-top-left-radius:0px;border-top-right-radius:0px;border-bottom-right-radius:0px;border-bottom-left-radius:0px;}.kadence-column171_53b259-cc > .kt-inside-inner-col{column-gap:var(--global-kb-gap-sm, 1rem);}.kadence-column171_53b259-cc > .kt-inside-inner-col{flex-direction:column;}.kadence-column171_53b259-cc > .kt-inside-inner-col > .aligncenter{width:100%;}.kadence-column171_53b259-cc > .kt-inside-inner-col:before{opacity:0.3;}.kadence-column171_53b259-cc{position:relative;}@media all and (max-width: 1024px){.kadence-column171_53b259-cc > .kt-inside-inner-col{flex-direction:column;justify-content:center;}}@media all and (max-width: 767px){.kadence-column171_53b259-cc > .kt-inside-inner-col{flex-direction:column;justify-content:center;}}<\/style>\n<div class=\"wp-block-kadence-column kadence-column171_53b259-cc\"><div class=\"kt-inside-inner-col\"><style>.wp-block-kadence-advancedheading.kt-adv-heading171_32a560-71, .wp-block-kadence-advancedheading.kt-adv-heading171_32a560-71[data-kb-block=\"kb-adv-heading171_32a560-71\"]{padding-bottom:var(--global-kb-spacing-xxs, 0.5rem);margin-bottom:0px;font-size:var(--global-kb-font-size-xxxl, 5rem);line-height:1.1;font-style:normal;text-transform:uppercase;}.wp-block-kadence-advancedheading.kt-adv-heading171_32a560-71, .wp-block-kadence-advancedheading.kt-adv-heading171_32a560-71[data-kb-block=\"kb-adv-heading171_32a560-71\"] .kb-adv-text-inner{background-image:linear-gradient(135deg,var(--global-palette1) 0%,rgb(0,0,0) 73%,var(--global-palette3) 100%);background-clip:text;-webkit-box-decoration-break:clone;box-decoration-break:clone;-webkit-background-clip:text;-webkit-text-fill-color:transparent;}.wp-block-kadence-advancedheading.kt-adv-heading171_32a560-71 mark.kt-highlight, .wp-block-kadence-advancedheading.kt-adv-heading171_32a560-71[data-kb-block=\"kb-adv-heading171_32a560-71\"] mark.kt-highlight{font-style:normal;-webkit-text-fill-color:initial !important;-webkit-background-clip:initial !important;background-clip:initial !important;color:#f76a0c;-webkit-box-decoration-break:clone;box-decoration-break:clone;padding-top:0px;padding-right:0px;padding-bottom:0px;padding-left:0px;}.wp-block-kadence-advancedheading.kt-adv-heading171_32a560-71 img.kb-inline-image, .wp-block-kadence-advancedheading.kt-adv-heading171_32a560-71[data-kb-block=\"kb-adv-heading171_32a560-71\"] img.kb-inline-image{width:150px;vertical-align:baseline;}<\/style><h1 class=\"kt-adv-heading171_32a560-71 wp-block-kadence-advancedheading\" data-kb-block=\"kb-adv-heading171_32a560-71\"><span class=\"kb-adv-text-inner\">Num\u00e9ros d&rsquo;\u00e9crou<\/span><\/h1>\n\n\n<figure class=\"wp-block-pullquote has-text-align-left has-small-font-size\" style=\"margin-top:0;margin-right:0;margin-bottom:0;margin-left:0;padding-top:0;padding-right:0;padding-bottom:0;padding-left:0\"><blockquote><p><em>Le temps viendra, dans un avenir lointain, o\u00f9 prisons et asiles n\u2019auront plus de raison d\u2019\u00eatre\u2026<\/em><\/p><cite><strong><em>Anton Tchekhov (Salle n\u00b06)<\/em><\/strong><\/cite><\/blockquote><\/figure>\n\n\n\n<p><strong>L&rsquo;histoire vraie d&rsquo;un atelier-th\u00e9\u00e2tre en prison<\/strong>&nbsp;avec des femmes et des hommes d\u00e9tenus qui ont eux-m\u00eames choisi la pratique th\u00e9\u00e2trale. L&rsquo;avanc\u00e9e, les progr\u00e8s, les pages qu&rsquo;ils tournent, des d\u00e9parts, des arriv\u00e9es, la vie quotidienne carc\u00e9rale.&nbsp;<strong>Les conflits, les peurs, l&rsquo;injustice, l&rsquo;incroyable libert\u00e9, la l\u00e9g\u00e8ret\u00e9, l&rsquo;humour irr\u00e9sistible<\/strong>.<\/p>\n\n\n\n<p>Depuis une&nbsp;vingtaine&nbsp;d\u2019ann\u00e9es Val\u00e9rie Durin tente de conjuguer th\u00e9\u00e2tre et prison. Au d\u00e9but, seuls les hommes du centre de d\u00e9tention participent \u00e0 l\u2019atelier. Au bout de la sixi\u00e8me ann\u00e9e, les femmes les rejoignent. L\u2019aventure prend une autre dimension,&nbsp;<strong>la mixit\u00e9 fait \u00e9clater les cadres mis en place.&nbsp;<\/strong>La pr\u00e9sence&nbsp;des femmes bouleverse tout. Il ne s\u2019agit plus seulement de briser les spirales d\u2019\u00e9chec, de r\u00e9veiller les esprits, de d\u00e9passer les m\u00e9sestimes ou le d\u00e9sespoir, mais de vivre et d\u2019aimer.&nbsp;<strong>Ensemble ils ose<\/strong><strong>nt \u00e9clater de rire, parler d\u2019amour, de l\u2019abandon, des regrets<\/strong>. Avec pudeur et sinc\u00e9rit\u00e9.<\/p>\n\n\n\n<p>De s\u00e9ance en s\u00e9ance, entre les murs de la prison, ces femmes et ces hommes r\u00e9inventent la vie, la faisant jaillir \u00e0 nouveau, plus forte, plus dangereuse peut-\u00eatre\u2026<\/p>\n<\/div><\/div>\n\n\n<style>.kadence-column171_271702-14 > .kt-inside-inner-col,.kadence-column171_271702-14 > .kt-inside-inner-col:before{border-top-left-radius:0px;border-top-right-radius:0px;border-bottom-right-radius:0px;border-bottom-left-radius:0px;}.kadence-column171_271702-14 > .kt-inside-inner-col{column-gap:var(--global-kb-gap-sm, 1rem);}.kadence-column171_271702-14 > .kt-inside-inner-col{flex-direction:column;}.kadence-column171_271702-14 > .kt-inside-inner-col > .aligncenter{width:100%;}.kadence-column171_271702-14 > .kt-inside-inner-col:before{opacity:0.3;}.kadence-column171_271702-14{position:relative;}@media all and (max-width: 1024px){.kadence-column171_271702-14 > .kt-inside-inner-col{flex-direction:column;justify-content:center;}}@media all and (max-width: 767px){.kadence-column171_271702-14 > .kt-inside-inner-col{flex-direction:column;justify-content:center;}}<\/style>\n<div class=\"wp-block-kadence-column kadence-column171_271702-14\"><div class=\"kt-inside-inner-col\"><style>.wp-block-kadence-advancedheading.kt-adv-heading171_8d0476-85, .wp-block-kadence-advancedheading.kt-adv-heading171_8d0476-85[data-kb-block=\"kb-adv-heading171_8d0476-85\"]{font-size:var(--global-kb-font-size-xl, 3rem);line-height:1.1;font-style:normal;}.wp-block-kadence-advancedheading.kt-adv-heading171_8d0476-85 mark.kt-highlight, .wp-block-kadence-advancedheading.kt-adv-heading171_8d0476-85[data-kb-block=\"kb-adv-heading171_8d0476-85\"] mark.kt-highlight{font-style:normal;color:#f76a0c;-webkit-box-decoration-break:clone;box-decoration-break:clone;padding-top:0px;padding-right:0px;padding-bottom:0px;padding-left:0px;}.wp-block-kadence-advancedheading.kt-adv-heading171_8d0476-85 img.kb-inline-image, .wp-block-kadence-advancedheading.kt-adv-heading171_8d0476-85[data-kb-block=\"kb-adv-heading171_8d0476-85\"] img.kb-inline-image{width:150px;vertical-align:baseline;}<\/style>\n<h3 class=\"kt-adv-heading171_8d0476-85 wp-block-kadence-advancedheading\" data-kb-block=\"kb-adv-heading171_8d0476-85\">Diffusion et m\u00e9dias<\/h3>\n\n\n<style>.wp-block-kadence-advancedgallery .kb-gallery-type-masonry.kb-gallery-id-171_8b7ff6-15{margin:-5px;}.kb-gallery-type-masonry.kb-gallery-id-171_8b7ff6-15 .kadence-blocks-gallery-item{padding:5px;}.kb-gallery-id-171_8b7ff6-15 .kadence-blocks-gallery-item .kb-gal-image-radius, .kb-gallery-id-171_8b7ff6-15 .kb-slide-item .kb-gal-image-radius img{border-radius:0px 0px 0px 0px;;}<\/style><div class=\"kb-gallery-wrap-id-171_8b7ff6-15 alignnone wp-block-kadence-advancedgallery\"><ul class=\"kb-gallery-ul kb-gallery-non-static kb-gallery-type-masonry kb-masonry-init kb-gallery-id-171_8b7ff6-15 kb-gallery-caption-style-bottom-hover kb-gallery-filter-none kb-gallery-magnific-init\" data-image-filter=\"none\" data-item-selector=\".kadence-blocks-gallery-item\" data-lightbox-caption=\"true\" data-columns-xxl=\"1\" data-columns-xl=\"1\" data-columns-md=\"1\" data-columns-sm=\"1\" data-columns-xs=\"1\" data-columns-ss=\"1\"><li class=\"kadence-blocks-gallery-item\"><div class=\"kadence-blocks-gallery-item-inner\"><figure class=\"kb-gallery-figure kb-gallery-item-has-link kadence-blocks-gallery-item-hide-caption\"><a href=\"https:\/\/arrangementtheatre.com\/wp-content\/uploads\/sites\/25\/2025\/07\/Article-de-presse_NE_Journal-du-Centre19.04.23.jpg\" class=\"kb-gallery-item-link\"   role=\"button\" aria-haspopup=\"dialog\"><div class=\"kb-gal-image-radius\" style=\"max-width:1024px;\"><div class=\"kb-gallery-image-contain kadence-blocks-gallery-intrinsic\" style=\"padding-bottom:35%;\"><img loading=\"lazy\" decoding=\"async\" src=\"https:\/\/arrangementtheatre.com\/wp-content\/uploads\/sites\/25\/2025\/07\/Article-de-presse_NE_Journal-du-Centre19.04.23-1024x363.jpg\" width=\"1024\" height=\"363\" alt=\"\" data-full-image=\"https:\/\/arrangementtheatre.com\/wp-content\/uploads\/sites\/25\/2025\/07\/Article-de-presse_NE_Journal-du-Centre19.04.23.jpg\" data-light-image=\"https:\/\/arrangementtheatre.com\/wp-content\/uploads\/sites\/25\/2025\/07\/Article-de-presse_NE_Journal-du-Centre19.04.23.jpg\" data-id=\"160\" class=\"wp-image-160\" srcset=\"https:\/\/arrangementtheatre.com\/wp-content\/uploads\/sites\/25\/2025\/07\/Article-de-presse_NE_Journal-du-Centre19.04.23-1024x363.jpg 1024w, https:\/\/arrangementtheatre.com\/wp-content\/uploads\/sites\/25\/2025\/07\/Article-de-presse_NE_Journal-du-Centre19.04.23-300x106.jpg 300w, https:\/\/arrangementtheatre.com\/wp-content\/uploads\/sites\/25\/2025\/07\/Article-de-presse_NE_Journal-du-Centre19.04.23-768x272.jpg 768w, https:\/\/arrangementtheatre.com\/wp-content\/uploads\/sites\/25\/2025\/07\/Article-de-presse_NE_Journal-du-Centre19.04.23-18x6.jpg 18w, https:\/\/arrangementtheatre.com\/wp-content\/uploads\/sites\/25\/2025\/07\/Article-de-presse_NE_Journal-du-Centre19.04.23.jpg 1494w\" sizes=\"auto, (max-width: 1024px) 100vw, 1024px\" \/><\/div><\/div><\/a><\/figure><\/div><\/li><li class=\"kadence-blocks-gallery-item\"><div class=\"kadence-blocks-gallery-item-inner\"><figure class=\"kb-gallery-figure kb-gallery-item-has-link kadence-blocks-gallery-item-hide-caption\"><a href=\"https:\/\/arrangementtheatre.com\/wp-content\/uploads\/sites\/25\/2025\/07\/Article-Lien-Social-10.19.jpg\" class=\"kb-gallery-item-link\"   role=\"button\" aria-haspopup=\"dialog\"><div class=\"kb-gal-image-radius\" style=\"max-width:1024px;\"><div class=\"kb-gallery-image-contain kadence-blocks-gallery-intrinsic\" style=\"padding-bottom:74%;\"><img loading=\"lazy\" decoding=\"async\" src=\"https:\/\/arrangementtheatre.com\/wp-content\/uploads\/sites\/25\/2025\/07\/Article-Lien-Social-10.19-1024x760.jpg\" width=\"1024\" height=\"760\" alt=\"\" data-full-image=\"https:\/\/arrangementtheatre.com\/wp-content\/uploads\/sites\/25\/2025\/07\/Article-Lien-Social-10.19.jpg\" data-light-image=\"https:\/\/arrangementtheatre.com\/wp-content\/uploads\/sites\/25\/2025\/07\/Article-Lien-Social-10.19.jpg\" data-id=\"150\" class=\"wp-image-150\" srcset=\"https:\/\/arrangementtheatre.com\/wp-content\/uploads\/sites\/25\/2025\/07\/Article-Lien-Social-10.19-1024x760.jpg 1024w, https:\/\/arrangementtheatre.com\/wp-content\/uploads\/sites\/25\/2025\/07\/Article-Lien-Social-10.19-300x223.jpg 300w, https:\/\/arrangementtheatre.com\/wp-content\/uploads\/sites\/25\/2025\/07\/Article-Lien-Social-10.19-768x570.jpg 768w, https:\/\/arrangementtheatre.com\/wp-content\/uploads\/sites\/25\/2025\/07\/Article-Lien-Social-10.19-1536x1140.jpg 1536w, https:\/\/arrangementtheatre.com\/wp-content\/uploads\/sites\/25\/2025\/07\/Article-Lien-Social-10.19-2048x1520.jpg 2048w, https:\/\/arrangementtheatre.com\/wp-content\/uploads\/sites\/25\/2025\/07\/Article-Lien-Social-10.19-16x12.jpg 16w\" sizes=\"auto, (max-width: 1024px) 100vw, 1024px\" \/><\/div><\/div><\/a><\/figure><\/div><\/li><li class=\"kadence-blocks-gallery-item\"><div class=\"kadence-blocks-gallery-item-inner\"><figure class=\"kb-gallery-figure kb-gallery-item-has-link kadence-blocks-gallery-item-hide-caption\"><a href=\"https:\/\/arrangementtheatre.com\/wp-content\/uploads\/sites\/25\/2025\/07\/CD-JOUXLAVILLE.jpg\" class=\"kb-gallery-item-link\"   role=\"button\" aria-haspopup=\"dialog\"><div class=\"kb-gal-image-radius\" style=\"max-width:1024px;\"><div class=\"kb-gallery-image-contain kadence-blocks-gallery-intrinsic\" style=\"padding-bottom:56%;\"><img loading=\"lazy\" decoding=\"async\" src=\"https:\/\/arrangementtheatre.com\/wp-content\/uploads\/sites\/25\/2025\/07\/CD-JOUXLAVILLE-1024x574.jpg\" width=\"1024\" height=\"574\" alt=\"\" data-full-image=\"https:\/\/arrangementtheatre.com\/wp-content\/uploads\/sites\/25\/2025\/07\/CD-JOUXLAVILLE.jpg\" data-light-image=\"https:\/\/arrangementtheatre.com\/wp-content\/uploads\/sites\/25\/2025\/07\/CD-JOUXLAVILLE.jpg\" data-id=\"161\" class=\"wp-image-161\" srcset=\"https:\/\/arrangementtheatre.com\/wp-content\/uploads\/sites\/25\/2025\/07\/CD-JOUXLAVILLE-1024x574.jpg 1024w, https:\/\/arrangementtheatre.com\/wp-content\/uploads\/sites\/25\/2025\/07\/CD-JOUXLAVILLE-300x168.jpg 300w, https:\/\/arrangementtheatre.com\/wp-content\/uploads\/sites\/25\/2025\/07\/CD-JOUXLAVILLE-768x430.jpg 768w, https:\/\/arrangementtheatre.com\/wp-content\/uploads\/sites\/25\/2025\/07\/CD-JOUXLAVILLE-1536x860.jpg 1536w, https:\/\/arrangementtheatre.com\/wp-content\/uploads\/sites\/25\/2025\/07\/CD-JOUXLAVILLE-2048x1147.jpg 2048w, https:\/\/arrangementtheatre.com\/wp-content\/uploads\/sites\/25\/2025\/07\/CD-JOUXLAVILLE-18x10.jpg 18w\" sizes=\"auto, (max-width: 1024px) 100vw, 1024px\" \/><\/div><\/div><\/a><\/figure><\/div><\/li><\/ul><\/div><\/div><\/div>\n\n<\/div><\/div>\n\n<style>.wp-block-kadence-advancedgallery .kb-gallery-type-grid.kb-gallery-id-171_3267bf-e6{margin:-5px;}.kb-gallery-type-grid.kb-gallery-id-171_3267bf-e6 .kadence-blocks-gallery-item{padding:5px;}.kb-gallery-id-171_3267bf-e6 .kadence-blocks-gallery-item .kb-gal-image-radius, .kb-gallery-id-171_3267bf-e6 .kb-slide-item .kb-gal-image-radius img{border-radius:0px 0px 0px 0px;;}<\/style><div class=\"kb-gallery-wrap-id-171_3267bf-e6 alignnone wp-block-kadence-advancedgallery\"><ul class=\"kb-gallery-ul kb-gallery-non-static kb-gallery-type-grid kb-gallery-id-171_3267bf-e6 kb-gallery-caption-style-bottom-hover kb-gallery-filter-none kb-gallery-magnific-init\" data-image-filter=\"none\" data-item-selector=\".kadence-blocks-gallery-item\" data-lightbox-caption=\"true\" data-columns-xxl=\"4\" data-columns-xl=\"4\" data-columns-md=\"4\" data-columns-sm=\"3\" data-columns-xs=\"2\" data-columns-ss=\"2\"><li class=\"kadence-blocks-gallery-item\"><div class=\"kadence-blocks-gallery-item-inner\"><figure class=\"kb-gallery-figure kb-gallery-item-has-link kadence-blocks-gallery-item-hide-caption\"><a href=\"https:\/\/arrangementtheatre.com\/wp-content\/uploads\/sites\/25\/2025\/07\/Avallon-23-768x576.jpg\" data-description=\"Num\u00e9ros d&#039;\u00e9crou\" class=\"kb-gallery-item-link\"   role=\"button\" aria-haspopup=\"dialog\"><div class=\"kb-gal-image-radius\"><div class=\"kb-gallery-image-contain kadence-blocks-gallery-intrinsic kb-gallery-image-ratio-land169 kb-has-image-ratio-land169\" ><img loading=\"lazy\" decoding=\"async\" src=\"https:\/\/arrangementtheatre.com\/wp-content\/uploads\/sites\/25\/2025\/07\/Avallon-23-1024x768.jpg\" width=\"1024\" height=\"768\" alt=\"\" data-full-image=\"https:\/\/arrangementtheatre.com\/wp-content\/uploads\/sites\/25\/2025\/07\/Avallon-23.jpg\" data-light-image=\"https:\/\/arrangementtheatre.com\/wp-content\/uploads\/sites\/25\/2025\/07\/Avallon-23.jpg\" data-id=\"168\" class=\"wp-image-168\" srcset=\"https:\/\/arrangementtheatre.com\/wp-content\/uploads\/sites\/25\/2025\/07\/Avallon-23-1024x768.jpg 1024w, https:\/\/arrangementtheatre.com\/wp-content\/uploads\/sites\/25\/2025\/07\/Avallon-23-300x225.jpg 300w, https:\/\/arrangementtheatre.com\/wp-content\/uploads\/sites\/25\/2025\/07\/Avallon-23-768x576.jpg 768w, https:\/\/arrangementtheatre.com\/wp-content\/uploads\/sites\/25\/2025\/07\/Avallon-23-16x12.jpg 16w, https:\/\/arrangementtheatre.com\/wp-content\/uploads\/sites\/25\/2025\/07\/Avallon-23.jpg 1088w\" sizes=\"auto, (max-width: 1024px) 100vw, 1024px\" \/><\/div><\/div><\/a><\/figure><\/div><\/li><li class=\"kadence-blocks-gallery-item\"><div class=\"kadence-blocks-gallery-item-inner\"><figure class=\"kb-gallery-figure kb-gallery-item-has-link kadence-blocks-gallery-item-hide-caption\"><a href=\"https:\/\/arrangementtheatre.com\/wp-content\/uploads\/sites\/25\/2025\/07\/Avallon-18-768x512.jpg\" class=\"kb-gallery-item-link\"   role=\"button\" aria-haspopup=\"dialog\"><div class=\"kb-gal-image-radius\"><div class=\"kb-gallery-image-contain kadence-blocks-gallery-intrinsic kb-gallery-image-ratio-land169 kb-has-image-ratio-land169\" ><img loading=\"lazy\" decoding=\"async\" src=\"https:\/\/arrangementtheatre.com\/wp-content\/uploads\/sites\/25\/2025\/07\/Avallon-18-1024x683.jpg\" width=\"1024\" height=\"683\" alt=\"\" data-full-image=\"https:\/\/arrangementtheatre.com\/wp-content\/uploads\/sites\/25\/2025\/07\/Avallon-18.jpg\" data-light-image=\"https:\/\/arrangementtheatre.com\/wp-content\/uploads\/sites\/25\/2025\/07\/Avallon-18.jpg\" data-id=\"166\" class=\"wp-image-166\" srcset=\"https:\/\/arrangementtheatre.com\/wp-content\/uploads\/sites\/25\/2025\/07\/Avallon-18-1024x683.jpg 1024w, https:\/\/arrangementtheatre.com\/wp-content\/uploads\/sites\/25\/2025\/07\/Avallon-18-300x200.jpg 300w, https:\/\/arrangementtheatre.com\/wp-content\/uploads\/sites\/25\/2025\/07\/Avallon-18-768x512.jpg 768w, https:\/\/arrangementtheatre.com\/wp-content\/uploads\/sites\/25\/2025\/07\/Avallon-18-18x12.jpg 18w, https:\/\/arrangementtheatre.com\/wp-content\/uploads\/sites\/25\/2025\/07\/Avallon-18.jpg 1272w\" sizes=\"auto, (max-width: 1024px) 100vw, 1024px\" \/><\/div><\/div><\/a><\/figure><\/div><\/li><li class=\"kadence-blocks-gallery-item\"><div class=\"kadence-blocks-gallery-item-inner\"><figure class=\"kb-gallery-figure kb-gallery-item-has-link kadence-blocks-gallery-item-hide-caption\"><a href=\"https:\/\/arrangementtheatre.com\/wp-content\/uploads\/sites\/25\/2025\/07\/Avallon-4-768x576.jpg\" class=\"kb-gallery-item-link\"   role=\"button\" aria-haspopup=\"dialog\"><div class=\"kb-gal-image-radius\"><div class=\"kb-gallery-image-contain kadence-blocks-gallery-intrinsic kb-gallery-image-ratio-land169 kb-has-image-ratio-land169\" ><img loading=\"lazy\" decoding=\"async\" src=\"https:\/\/arrangementtheatre.com\/wp-content\/uploads\/sites\/25\/2025\/07\/Avallon-4-1024x768.jpg\" width=\"1024\" height=\"768\" alt=\"\" data-full-image=\"https:\/\/arrangementtheatre.com\/wp-content\/uploads\/sites\/25\/2025\/07\/Avallon-4.jpg\" data-light-image=\"https:\/\/arrangementtheatre.com\/wp-content\/uploads\/sites\/25\/2025\/07\/Avallon-4.jpg\" data-id=\"164\" class=\"wp-image-164\" srcset=\"https:\/\/arrangementtheatre.com\/wp-content\/uploads\/sites\/25\/2025\/07\/Avallon-4-1024x768.jpg 1024w, https:\/\/arrangementtheatre.com\/wp-content\/uploads\/sites\/25\/2025\/07\/Avallon-4-300x225.jpg 300w, https:\/\/arrangementtheatre.com\/wp-content\/uploads\/sites\/25\/2025\/07\/Avallon-4-768x576.jpg 768w, https:\/\/arrangementtheatre.com\/wp-content\/uploads\/sites\/25\/2025\/07\/Avallon-4-16x12.jpg 16w, https:\/\/arrangementtheatre.com\/wp-content\/uploads\/sites\/25\/2025\/07\/Avallon-4.jpg 1136w\" sizes=\"auto, (max-width: 1024px) 100vw, 1024px\" \/><\/div><\/div><\/a><\/figure><\/div><\/li><li class=\"kadence-blocks-gallery-item\"><div class=\"kadence-blocks-gallery-item-inner\"><figure class=\"kb-gallery-figure kb-gallery-item-has-link kadence-blocks-gallery-item-hide-caption\"><a href=\"https:\/\/arrangementtheatre.com\/wp-content\/uploads\/sites\/25\/2025\/07\/Avallon-1-768x576.jpg\" class=\"kb-gallery-item-link\"   role=\"button\" aria-haspopup=\"dialog\"><div class=\"kb-gal-image-radius\"><div class=\"kb-gallery-image-contain kadence-blocks-gallery-intrinsic kb-gallery-image-ratio-land169 kb-has-image-ratio-land169\" ><img loading=\"lazy\" decoding=\"async\" src=\"https:\/\/arrangementtheatre.com\/wp-content\/uploads\/sites\/25\/2025\/07\/Avallon-1-1024x768.jpg\" width=\"1024\" height=\"768\" alt=\"\" data-full-image=\"https:\/\/arrangementtheatre.com\/wp-content\/uploads\/sites\/25\/2025\/07\/Avallon-1.jpg\" data-light-image=\"https:\/\/arrangementtheatre.com\/wp-content\/uploads\/sites\/25\/2025\/07\/Avallon-1.jpg\" data-id=\"165\" class=\"wp-image-165\" srcset=\"https:\/\/arrangementtheatre.com\/wp-content\/uploads\/sites\/25\/2025\/07\/Avallon-1-1024x768.jpg 1024w, https:\/\/arrangementtheatre.com\/wp-content\/uploads\/sites\/25\/2025\/07\/Avallon-1-300x225.jpg 300w, https:\/\/arrangementtheatre.com\/wp-content\/uploads\/sites\/25\/2025\/07\/Avallon-1-768x576.jpg 768w, https:\/\/arrangementtheatre.com\/wp-content\/uploads\/sites\/25\/2025\/07\/Avallon-1-16x12.jpg 16w, https:\/\/arrangementtheatre.com\/wp-content\/uploads\/sites\/25\/2025\/07\/Avallon-1.jpg 1416w\" sizes=\"auto, (max-width: 1024px) 100vw, 1024px\" \/><\/div><\/div><\/a><\/figure><\/div><\/li><li class=\"kadence-blocks-gallery-item\"><div class=\"kadence-blocks-gallery-item-inner\"><figure class=\"kb-gallery-figure kb-gallery-item-has-link kadence-blocks-gallery-item-hide-caption\"><a href=\"https:\/\/arrangementtheatre.com\/wp-content\/uploads\/sites\/25\/2025\/07\/Avallon-47-768x512.jpg\" data-description=\"Num\u00e9ros d&#039;\u00e9crou\" class=\"kb-gallery-item-link\"   role=\"button\" aria-haspopup=\"dialog\"><div class=\"kb-gal-image-radius\"><div class=\"kb-gallery-image-contain kadence-blocks-gallery-intrinsic kb-gallery-image-ratio-land169 kb-has-image-ratio-land169\" ><img loading=\"lazy\" decoding=\"async\" src=\"https:\/\/arrangementtheatre.com\/wp-content\/uploads\/sites\/25\/2025\/07\/Avallon-47-1024x683.jpg\" width=\"1024\" height=\"683\" alt=\"\" data-full-image=\"https:\/\/arrangementtheatre.com\/wp-content\/uploads\/sites\/25\/2025\/07\/Avallon-47.jpg\" data-light-image=\"https:\/\/arrangementtheatre.com\/wp-content\/uploads\/sites\/25\/2025\/07\/Avallon-47.jpg\" data-id=\"163\" class=\"wp-image-163\" srcset=\"https:\/\/arrangementtheatre.com\/wp-content\/uploads\/sites\/25\/2025\/07\/Avallon-47-1024x683.jpg 1024w, https:\/\/arrangementtheatre.com\/wp-content\/uploads\/sites\/25\/2025\/07\/Avallon-47-300x200.jpg 300w, https:\/\/arrangementtheatre.com\/wp-content\/uploads\/sites\/25\/2025\/07\/Avallon-47-768x512.jpg 768w, https:\/\/arrangementtheatre.com\/wp-content\/uploads\/sites\/25\/2025\/07\/Avallon-47-18x12.jpg 18w, https:\/\/arrangementtheatre.com\/wp-content\/uploads\/sites\/25\/2025\/07\/Avallon-47.jpg 1204w\" sizes=\"auto, (max-width: 1024px) 100vw, 1024px\" \/><\/div><\/div><\/a><\/figure><\/div><\/li><li class=\"kadence-blocks-gallery-item\"><div class=\"kadence-blocks-gallery-item-inner\"><figure class=\"kb-gallery-figure kb-gallery-item-has-link kadence-blocks-gallery-item-hide-caption\"><a href=\"https:\/\/arrangementtheatre.com\/wp-content\/uploads\/sites\/25\/2025\/07\/Avallon-8-768x576.jpg\" class=\"kb-gallery-item-link\"   role=\"button\" aria-haspopup=\"dialog\"><div class=\"kb-gal-image-radius\"><div class=\"kb-gallery-image-contain kadence-blocks-gallery-intrinsic kb-gallery-image-ratio-land169 kb-has-image-ratio-land169\" ><img loading=\"lazy\" decoding=\"async\" src=\"https:\/\/arrangementtheatre.com\/wp-content\/uploads\/sites\/25\/2025\/07\/Avallon-8-1024x768.jpg\" width=\"1024\" height=\"768\" alt=\"\" data-full-image=\"https:\/\/arrangementtheatre.com\/wp-content\/uploads\/sites\/25\/2025\/07\/Avallon-8.jpg\" data-light-image=\"https:\/\/arrangementtheatre.com\/wp-content\/uploads\/sites\/25\/2025\/07\/Avallon-8.jpg\" data-id=\"159\" class=\"wp-image-159\" srcset=\"https:\/\/arrangementtheatre.com\/wp-content\/uploads\/sites\/25\/2025\/07\/Avallon-8-1024x768.jpg 1024w, https:\/\/arrangementtheatre.com\/wp-content\/uploads\/sites\/25\/2025\/07\/Avallon-8-300x225.jpg 300w, https:\/\/arrangementtheatre.com\/wp-content\/uploads\/sites\/25\/2025\/07\/Avallon-8-768x576.jpg 768w, https:\/\/arrangementtheatre.com\/wp-content\/uploads\/sites\/25\/2025\/07\/Avallon-8-16x12.jpg 16w, https:\/\/arrangementtheatre.com\/wp-content\/uploads\/sites\/25\/2025\/07\/Avallon-8.jpg 1331w\" sizes=\"auto, (max-width: 1024px) 100vw, 1024px\" \/><\/div><\/div><\/a><\/figure><\/div><\/li><li class=\"kadence-blocks-gallery-item\"><div class=\"kadence-blocks-gallery-item-inner\"><figure class=\"kb-gallery-figure kb-gallery-item-has-link kadence-blocks-gallery-item-hide-caption\"><a href=\"https:\/\/arrangementtheatre.com\/wp-content\/uploads\/sites\/25\/2025\/07\/Avallon-21-768x577.jpg\" class=\"kb-gallery-item-link\"   role=\"button\" aria-haspopup=\"dialog\"><div class=\"kb-gal-image-radius\"><div class=\"kb-gallery-image-contain kadence-blocks-gallery-intrinsic kb-gallery-image-ratio-land169 kb-has-image-ratio-land169\" ><img loading=\"lazy\" decoding=\"async\" src=\"https:\/\/arrangementtheatre.com\/wp-content\/uploads\/sites\/25\/2025\/07\/Avallon-21.jpg\" width=\"1003\" height=\"753\" alt=\"\" data-full-image=\"https:\/\/arrangementtheatre.com\/wp-content\/uploads\/sites\/25\/2025\/07\/Avallon-21.jpg\" data-light-image=\"https:\/\/arrangementtheatre.com\/wp-content\/uploads\/sites\/25\/2025\/07\/Avallon-21.jpg\" data-id=\"156\" class=\"wp-image-156\" srcset=\"https:\/\/arrangementtheatre.com\/wp-content\/uploads\/sites\/25\/2025\/07\/Avallon-21.jpg 1003w, https:\/\/arrangementtheatre.com\/wp-content\/uploads\/sites\/25\/2025\/07\/Avallon-21-300x225.jpg 300w, https:\/\/arrangementtheatre.com\/wp-content\/uploads\/sites\/25\/2025\/07\/Avallon-21-768x577.jpg 768w, https:\/\/arrangementtheatre.com\/wp-content\/uploads\/sites\/25\/2025\/07\/Avallon-21-16x12.jpg 16w\" sizes=\"auto, (max-width: 1003px) 100vw, 1003px\" \/><\/div><\/div><\/a><\/figure><\/div><\/li><li class=\"kadence-blocks-gallery-item\"><div class=\"kadence-blocks-gallery-item-inner\"><figure class=\"kb-gallery-figure kb-gallery-item-has-link kadence-blocks-gallery-item-hide-caption\"><a href=\"https:\/\/arrangementtheatre.com\/wp-content\/uploads\/sites\/25\/2025\/07\/Avallon-2-768x576.jpg\" class=\"kb-gallery-item-link\"   role=\"button\" aria-haspopup=\"dialog\"><div class=\"kb-gal-image-radius\"><div class=\"kb-gallery-image-contain kadence-blocks-gallery-intrinsic kb-gallery-image-ratio-land169 kb-has-image-ratio-land169\" ><img loading=\"lazy\" decoding=\"async\" src=\"https:\/\/arrangementtheatre.com\/wp-content\/uploads\/sites\/25\/2025\/07\/Avallon-2-1024x768.jpg\" width=\"1024\" height=\"768\" alt=\"\" data-full-image=\"https:\/\/arrangementtheatre.com\/wp-content\/uploads\/sites\/25\/2025\/07\/Avallon-2.jpg\" data-light-image=\"https:\/\/arrangementtheatre.com\/wp-content\/uploads\/sites\/25\/2025\/07\/Avallon-2.jpg\" data-id=\"157\" class=\"wp-image-157\" srcset=\"https:\/\/arrangementtheatre.com\/wp-content\/uploads\/sites\/25\/2025\/07\/Avallon-2-1024x768.jpg 1024w, https:\/\/arrangementtheatre.com\/wp-content\/uploads\/sites\/25\/2025\/07\/Avallon-2-300x225.jpg 300w, https:\/\/arrangementtheatre.com\/wp-content\/uploads\/sites\/25\/2025\/07\/Avallon-2-768x576.jpg 768w, https:\/\/arrangementtheatre.com\/wp-content\/uploads\/sites\/25\/2025\/07\/Avallon-2-16x12.jpg 16w, https:\/\/arrangementtheatre.com\/wp-content\/uploads\/sites\/25\/2025\/07\/Avallon-2.jpg 1279w\" sizes=\"auto, (max-width: 1024px) 100vw, 1024px\" \/><\/div><\/div><\/a><\/figure><\/div><\/li><li class=\"kadence-blocks-gallery-item\"><div class=\"kadence-blocks-gallery-item-inner\"><figure class=\"kb-gallery-figure kb-gallery-item-has-link kadence-blocks-gallery-item-hide-caption\"><a href=\"https:\/\/arrangementtheatre.com\/wp-content\/uploads\/sites\/25\/2025\/07\/Avallon-3-768x576.jpg\" class=\"kb-gallery-item-link\"   role=\"button\" aria-haspopup=\"dialog\"><div class=\"kb-gal-image-radius\"><div class=\"kb-gallery-image-contain kadence-blocks-gallery-intrinsic kb-gallery-image-ratio-land169 kb-has-image-ratio-land169\" ><img loading=\"lazy\" decoding=\"async\" src=\"https:\/\/arrangementtheatre.com\/wp-content\/uploads\/sites\/25\/2025\/07\/Avallon-3-1024x768.jpg\" width=\"1024\" height=\"768\" alt=\"\" data-full-image=\"https:\/\/arrangementtheatre.com\/wp-content\/uploads\/sites\/25\/2025\/07\/Avallon-3.jpg\" data-light-image=\"https:\/\/arrangementtheatre.com\/wp-content\/uploads\/sites\/25\/2025\/07\/Avallon-3.jpg\" data-id=\"154\" class=\"wp-image-154\" srcset=\"https:\/\/arrangementtheatre.com\/wp-content\/uploads\/sites\/25\/2025\/07\/Avallon-3-1024x768.jpg 1024w, https:\/\/arrangementtheatre.com\/wp-content\/uploads\/sites\/25\/2025\/07\/Avallon-3-300x225.jpg 300w, https:\/\/arrangementtheatre.com\/wp-content\/uploads\/sites\/25\/2025\/07\/Avallon-3-768x576.jpg 768w, https:\/\/arrangementtheatre.com\/wp-content\/uploads\/sites\/25\/2025\/07\/Avallon-3-16x12.jpg 16w, https:\/\/arrangementtheatre.com\/wp-content\/uploads\/sites\/25\/2025\/07\/Avallon-3.jpg 1333w\" sizes=\"auto, (max-width: 1024px) 100vw, 1024px\" \/><\/div><\/div><\/a><\/figure><\/div><\/li><li class=\"kadence-blocks-gallery-item\"><div class=\"kadence-blocks-gallery-item-inner\"><figure class=\"kb-gallery-figure kb-gallery-item-has-link kadence-blocks-gallery-item-hide-caption\"><a href=\"https:\/\/arrangementtheatre.com\/wp-content\/uploads\/sites\/25\/2025\/07\/Avallon-45-768x512.jpg\" class=\"kb-gallery-item-link\"   role=\"button\" aria-haspopup=\"dialog\"><div class=\"kb-gal-image-radius\"><div class=\"kb-gallery-image-contain kadence-blocks-gallery-intrinsic kb-gallery-image-ratio-land169 kb-has-image-ratio-land169\" ><img loading=\"lazy\" decoding=\"async\" src=\"https:\/\/arrangementtheatre.com\/wp-content\/uploads\/sites\/25\/2025\/07\/Avallon-45-1024x683.jpg\" width=\"1024\" height=\"683\" alt=\"\" data-full-image=\"https:\/\/arrangementtheatre.com\/wp-content\/uploads\/sites\/25\/2025\/07\/Avallon-45.jpg\" data-light-image=\"https:\/\/arrangementtheatre.com\/wp-content\/uploads\/sites\/25\/2025\/07\/Avallon-45.jpg\" data-id=\"155\" class=\"wp-image-155\" srcset=\"https:\/\/arrangementtheatre.com\/wp-content\/uploads\/sites\/25\/2025\/07\/Avallon-45-1024x683.jpg 1024w, https:\/\/arrangementtheatre.com\/wp-content\/uploads\/sites\/25\/2025\/07\/Avallon-45-300x200.jpg 300w, https:\/\/arrangementtheatre.com\/wp-content\/uploads\/sites\/25\/2025\/07\/Avallon-45-768x512.jpg 768w, https:\/\/arrangementtheatre.com\/wp-content\/uploads\/sites\/25\/2025\/07\/Avallon-45-18x12.jpg 18w, https:\/\/arrangementtheatre.com\/wp-content\/uploads\/sites\/25\/2025\/07\/Avallon-45.jpg 1150w\" sizes=\"auto, (max-width: 1024px) 100vw, 1024px\" \/><\/div><\/div><\/a><\/figure><\/div><\/li><li class=\"kadence-blocks-gallery-item\"><div class=\"kadence-blocks-gallery-item-inner\"><figure class=\"kb-gallery-figure kb-gallery-item-has-link kadence-blocks-gallery-item-hide-caption\"><a href=\"https:\/\/arrangementtheatre.com\/wp-content\/uploads\/sites\/25\/2025\/07\/Avallon-26-768x512.jpg\" class=\"kb-gallery-item-link\"   role=\"button\" aria-haspopup=\"dialog\"><div class=\"kb-gal-image-radius\"><div class=\"kb-gallery-image-contain kadence-blocks-gallery-intrinsic kb-gallery-image-ratio-land169 kb-has-image-ratio-land169\" ><img loading=\"lazy\" decoding=\"async\" src=\"https:\/\/arrangementtheatre.com\/wp-content\/uploads\/sites\/25\/2025\/07\/Avallon-26-1024x683.jpg\" width=\"1024\" height=\"683\" alt=\"\" data-full-image=\"https:\/\/arrangementtheatre.com\/wp-content\/uploads\/sites\/25\/2025\/07\/Avallon-26.jpg\" data-light-image=\"https:\/\/arrangementtheatre.com\/wp-content\/uploads\/sites\/25\/2025\/07\/Avallon-26.jpg\" data-id=\"149\" class=\"wp-image-149\" srcset=\"https:\/\/arrangementtheatre.com\/wp-content\/uploads\/sites\/25\/2025\/07\/Avallon-26-1024x683.jpg 1024w, https:\/\/arrangementtheatre.com\/wp-content\/uploads\/sites\/25\/2025\/07\/Avallon-26-300x200.jpg 300w, https:\/\/arrangementtheatre.com\/wp-content\/uploads\/sites\/25\/2025\/07\/Avallon-26-768x512.jpg 768w, https:\/\/arrangementtheatre.com\/wp-content\/uploads\/sites\/25\/2025\/07\/Avallon-26-18x12.jpg 18w, https:\/\/arrangementtheatre.com\/wp-content\/uploads\/sites\/25\/2025\/07\/Avallon-26.jpg 1254w\" sizes=\"auto, (max-width: 1024px) 100vw, 1024px\" \/><\/div><\/div><\/a><\/figure><\/div><\/li><li class=\"kadence-blocks-gallery-item\"><div class=\"kadence-blocks-gallery-item-inner\"><figure class=\"kb-gallery-figure kb-gallery-item-has-link kadence-blocks-gallery-item-hide-caption\"><a href=\"https:\/\/arrangementtheatre.com\/wp-content\/uploads\/sites\/25\/2025\/07\/Avallon-46-768x576.jpg\" data-description=\"Num\u00e9ros d&#039;\u00e9crou\" class=\"kb-gallery-item-link\"   role=\"button\" aria-haspopup=\"dialog\"><div class=\"kb-gal-image-radius\"><div class=\"kb-gallery-image-contain kadence-blocks-gallery-intrinsic kb-gallery-image-ratio-land169 kb-has-image-ratio-land169\" ><img loading=\"lazy\" decoding=\"async\" src=\"https:\/\/arrangementtheatre.com\/wp-content\/uploads\/sites\/25\/2025\/07\/Avallon-46-1024x768.jpg\" width=\"1024\" height=\"768\" alt=\"\" data-full-image=\"https:\/\/arrangementtheatre.com\/wp-content\/uploads\/sites\/25\/2025\/07\/Avallon-46.jpg\" data-light-image=\"https:\/\/arrangementtheatre.com\/wp-content\/uploads\/sites\/25\/2025\/07\/Avallon-46.jpg\" data-id=\"153\" class=\"wp-image-153\" srcset=\"https:\/\/arrangementtheatre.com\/wp-content\/uploads\/sites\/25\/2025\/07\/Avallon-46-1024x768.jpg 1024w, https:\/\/arrangementtheatre.com\/wp-content\/uploads\/sites\/25\/2025\/07\/Avallon-46-300x225.jpg 300w, https:\/\/arrangementtheatre.com\/wp-content\/uploads\/sites\/25\/2025\/07\/Avallon-46-768x576.jpg 768w, https:\/\/arrangementtheatre.com\/wp-content\/uploads\/sites\/25\/2025\/07\/Avallon-46-16x12.jpg 16w, https:\/\/arrangementtheatre.com\/wp-content\/uploads\/sites\/25\/2025\/07\/Avallon-46.jpg 1038w\" sizes=\"auto, (max-width: 1024px) 100vw, 1024px\" \/><\/div><\/div><\/a><\/figure><\/div><\/li><\/ul><\/div>\n\n<style>.kb-row-layout-id171_3e6a6d-0d > .kt-row-column-wrap{align-content:start;}:where(.kb-row-layout-id171_3e6a6d-0d > .kt-row-column-wrap) > .wp-block-kadence-column{justify-content:start;}.kb-row-layout-id171_3e6a6d-0d > .kt-row-column-wrap{column-gap:var(--global-kb-gap-md, 2rem);row-gap:var(--global-kb-gap-md, 2rem);padding-top:var(--global-kb-spacing-xl, 4rem);padding-bottom:var(--global-kb-spacing-sm, 1.5rem);}.kb-row-layout-id171_3e6a6d-0d > .kt-row-column-wrap > div:not(.added-for-specificity){grid-column:initial;}.kb-row-layout-id171_3e6a6d-0d > .kt-row-column-wrap{grid-template-columns:minmax(0, 1fr) minmax(0, 3fr) minmax(0, 1fr);}.kb-row-layout-id171_3e6a6d-0d > .kt-row-layout-overlay{opacity:0.30;}@media all and (max-width: 1024px){.kb-row-layout-id171_3e6a6d-0d > .kt-row-column-wrap > div:not(.added-for-specificity){grid-column:initial;}}@media all and (max-width: 1024px){.kb-row-layout-id171_3e6a6d-0d > .kt-row-column-wrap{grid-template-columns:minmax(0, 1fr) minmax(0, 3fr) minmax(0, 1fr);}}@media all and (max-width: 767px){.kb-row-layout-id171_3e6a6d-0d > .kt-row-column-wrap > div:not(.added-for-specificity){grid-column:initial;}.kb-row-layout-id171_3e6a6d-0d > .kt-row-column-wrap{grid-template-columns:minmax(0, 1fr);}}<\/style><div class=\"kb-row-layout-wrap kb-row-layout-id171_3e6a6d-0d alignnone wp-block-kadence-rowlayout\"><div class=\"kt-row-column-wrap kt-has-3-columns kt-row-layout-center-wide kt-tab-layout-inherit kt-mobile-layout-row kt-row-valign-top\">\n<style>.kadence-column171_0d67e2-5d > .kt-inside-inner-col,.kadence-column171_0d67e2-5d > .kt-inside-inner-col:before{border-top-left-radius:0px;border-top-right-radius:0px;border-bottom-right-radius:0px;border-bottom-left-radius:0px;}.kadence-column171_0d67e2-5d > .kt-inside-inner-col{column-gap:var(--global-kb-gap-sm, 1rem);}.kadence-column171_0d67e2-5d > .kt-inside-inner-col{flex-direction:column;}.kadence-column171_0d67e2-5d > .kt-inside-inner-col > .aligncenter{width:100%;}.kadence-column171_0d67e2-5d > .kt-inside-inner-col:before{opacity:0.3;}.kadence-column171_0d67e2-5d{position:relative;}@media all and (max-width: 1024px){.kadence-column171_0d67e2-5d > .kt-inside-inner-col{flex-direction:column;justify-content:center;}}@media all and (max-width: 767px){.kadence-column171_0d67e2-5d > .kt-inside-inner-col{flex-direction:column;justify-content:center;}}<\/style>\n<div class=\"wp-block-kadence-column kadence-column171_0d67e2-5d\"><div class=\"kt-inside-inner-col\"><style>.wp-block-kadence-advancedgallery .kb-gallery-type-masonry.kb-gallery-id-171_223cbb-b4{margin:-5px;}.kb-gallery-type-masonry.kb-gallery-id-171_223cbb-b4 .kadence-blocks-gallery-item{padding:5px;}.kb-gallery-id-171_223cbb-b4 .kadence-blocks-gallery-item .kb-gal-image-radius, .kb-gallery-id-171_223cbb-b4 .kb-slide-item .kb-gal-image-radius img{border-radius:0px 0px 0px 0px;;}<\/style><div class=\"kb-gallery-wrap-id-171_223cbb-b4 alignnone wp-block-kadence-advancedgallery\"><ul class=\"kb-gallery-ul kb-gallery-non-static kb-gallery-type-masonry kb-masonry-init kb-gallery-id-171_223cbb-b4 kb-gallery-caption-style-bottom-hover kb-gallery-filter-none kb-gallery-magnific-init\" data-image-filter=\"none\" data-item-selector=\".kadence-blocks-gallery-item\" data-lightbox-caption=\"true\" data-columns-xxl=\"1\" data-columns-xl=\"1\" data-columns-md=\"1\" data-columns-sm=\"1\" data-columns-xs=\"1\" data-columns-ss=\"1\"><li class=\"kadence-blocks-gallery-item\"><div class=\"kadence-blocks-gallery-item-inner\"><figure class=\"kb-gallery-figure kb-gallery-item-has-link kadence-blocks-gallery-item-hide-caption\"><a href=\"https:\/\/arrangementtheatre.com\/wp-content\/uploads\/sites\/25\/2025\/07\/affichenumerodecrous2023WEB-01-1-768x1082.jpg\" class=\"kb-gallery-item-link\"   role=\"button\" aria-haspopup=\"dialog\"><div class=\"kb-gal-image-radius\" style=\"max-width:727px;\"><div class=\"kb-gallery-image-contain kadence-blocks-gallery-intrinsic\" style=\"padding-bottom:140%;\"><img loading=\"lazy\" decoding=\"async\" src=\"https:\/\/arrangementtheatre.com\/wp-content\/uploads\/sites\/25\/2025\/07\/affichenumerodecrous2023WEB-01-1-727x1024.jpg\" width=\"727\" height=\"1024\" alt=\"\" data-full-image=\"https:\/\/arrangementtheatre.com\/wp-content\/uploads\/sites\/25\/2025\/07\/affichenumerodecrous2023WEB-01-1.jpg\" data-light-image=\"https:\/\/arrangementtheatre.com\/wp-content\/uploads\/sites\/25\/2025\/07\/affichenumerodecrous2023WEB-01-1.jpg\" data-id=\"227\" class=\"wp-image-227\" srcset=\"https:\/\/arrangementtheatre.com\/wp-content\/uploads\/sites\/25\/2025\/07\/affichenumerodecrous2023WEB-01-1-727x1024.jpg 727w, https:\/\/arrangementtheatre.com\/wp-content\/uploads\/sites\/25\/2025\/07\/affichenumerodecrous2023WEB-01-1-213x300.jpg 213w, https:\/\/arrangementtheatre.com\/wp-content\/uploads\/sites\/25\/2025\/07\/affichenumerodecrous2023WEB-01-1-768x1082.jpg 768w, https:\/\/arrangementtheatre.com\/wp-content\/uploads\/sites\/25\/2025\/07\/affichenumerodecrous2023WEB-01-1-1090x1536.jpg 1090w, https:\/\/arrangementtheatre.com\/wp-content\/uploads\/sites\/25\/2025\/07\/affichenumerodecrous2023WEB-01-1-9x12.jpg 9w, https:\/\/arrangementtheatre.com\/wp-content\/uploads\/sites\/25\/2025\/07\/affichenumerodecrous2023WEB-01-1.jpg 1208w\" sizes=\"auto, (max-width: 727px) 100vw, 727px\" \/><\/div><\/div><\/a><\/figure><\/div><\/li><\/ul><\/div><\/div><\/div>\n\n\n<style>.kadence-column171_df4c6b-8f > .kt-inside-inner-col,.kadence-column171_df4c6b-8f > .kt-inside-inner-col:before{border-top-left-radius:0px;border-top-right-radius:0px;border-bottom-right-radius:0px;border-bottom-left-radius:0px;}.kadence-column171_df4c6b-8f > .kt-inside-inner-col{column-gap:var(--global-kb-gap-sm, 1rem);}.kadence-column171_df4c6b-8f > .kt-inside-inner-col{flex-direction:column;}.kadence-column171_df4c6b-8f > .kt-inside-inner-col > .aligncenter{width:100%;}.kadence-column171_df4c6b-8f > .kt-inside-inner-col:before{opacity:0.3;}.kadence-column171_df4c6b-8f{position:relative;}@media all and (max-width: 1024px){.kadence-column171_df4c6b-8f > .kt-inside-inner-col{flex-direction:column;justify-content:center;}}@media all and (max-width: 767px){.kadence-column171_df4c6b-8f > .kt-inside-inner-col{flex-direction:column;justify-content:center;}}<\/style>\n<div class=\"wp-block-kadence-column kadence-column171_df4c6b-8f\"><div class=\"kt-inside-inner-col\"><style>.wp-block-kadence-advancedheading.kt-adv-heading171_fe09d1-28, .wp-block-kadence-advancedheading.kt-adv-heading171_fe09d1-28[data-kb-block=\"kb-adv-heading171_fe09d1-28\"]{font-size:var(--global-kb-font-size-xl, 3rem);font-style:normal;}.wp-block-kadence-advancedheading.kt-adv-heading171_fe09d1-28 mark.kt-highlight, .wp-block-kadence-advancedheading.kt-adv-heading171_fe09d1-28[data-kb-block=\"kb-adv-heading171_fe09d1-28\"] mark.kt-highlight{font-style:normal;color:#f76a0c;-webkit-box-decoration-break:clone;box-decoration-break:clone;padding-top:0px;padding-right:0px;padding-bottom:0px;padding-left:0px;}.wp-block-kadence-advancedheading.kt-adv-heading171_fe09d1-28 img.kb-inline-image, .wp-block-kadence-advancedheading.kt-adv-heading171_fe09d1-28[data-kb-block=\"kb-adv-heading171_fe09d1-28\"] img.kb-inline-image{width:150px;vertical-align:baseline;}<\/style>\n<h2 class=\"kt-adv-heading171_fe09d1-28 wp-block-kadence-advancedheading\" data-kb-block=\"kb-adv-heading171_fe09d1-28\"><strong>Note de l\u2019autrice&nbsp;<\/strong><\/h2>\n\n\n\n<p>Ce projet s\u2019est impos\u00e9 comme une n\u00e9cessit\u00e9.&nbsp;En d\u00e9tention,&nbsp;je&nbsp;d\u00e9couvre l\u2019inverse de ce que j\u2019imaginais&nbsp;: &nbsp;un milieu toujours en mouvement et en instabilit\u00e9, l\u00e0 o\u00f9&nbsp;j\u2019attendais&nbsp;l\u2019immobilit\u00e9 et l\u2019attente,&nbsp;des personnes calmes, souriantes, patientes, ennuyeuses ou ennuy\u00e9es, l\u00e0 o\u00f9&nbsp;je&nbsp;pr\u00e9voyais&nbsp;l\u2019agressivit\u00e9, des gens en soif de savoir, de comprendre, de conna\u00eetre, avec l\u2019urgence&nbsp;de &nbsp;partager, de d\u00e9battre l\u00e0 o\u00f9&nbsp;je&nbsp;pensais&nbsp;ne trouver que r\u00e9signation, obscurit\u00e9 et repli sur soi.<\/p>\n\n\n\n<p>J\u2019\u00e9cris pour le th\u00e9\u00e2tre&nbsp;depuis&nbsp;30 ans souvent pour deux, trois ou quatre com\u00e9diens. Contraintes \u00e9conomiques obligent. Mais l\u00e0, pour transmettre cette formidable \u00e9nergie, cette urgence de vie,&nbsp;je me suis&nbsp;entour\u00e9e de&nbsp;quinze acteurs, pour lesquels&nbsp;j\u2019ai&nbsp;imagin\u00e9&nbsp;un r\u00f4le sur mesure, au plus pr\u00e8s de la r\u00e9alit\u00e9 que j\u2019ai&nbsp;connue.&nbsp;<\/p>\n\n\n\n<p>Raconter le th\u00e9\u00e2tre en prison, c\u2019est emprunter la route du partage en proposant \u00e0 des com\u00e9diens libres d\u2019incarner des com\u00e9diens emprisonn\u00e9s. En pratiquant le th\u00e9\u00e2tre, ces femmes et ces hommes se sont expos\u00e9s au regard de l\u2019autre, de&nbsp;la&nbsp;ou du cod\u00e9tenu que parfois ils d\u00e9testent, ils aiment, ils d\u00e9sirent ou qui les indiff\u00e8rent. Ils n\u2019ont pas choisi non plus leurs partenaires et ils vont jouer et se d\u00e9voiler ensemble.<\/p>\n\n\n\n<p><strong>Num\u00e9ros d&rsquo;\u00e9crou&nbsp;<\/strong>c&rsquo;est mon exp\u00e9rience de douze ann\u00e9es de pratique th\u00e9\u00e2trale en prison. J&rsquo;y ai rencontr\u00e9 des gens qui m&rsquo;ont fait hurler de rire et qui m&rsquo;ont boulevers\u00e9e. Il n\u2019est pas question d\u2019excuser ou nier les crimes et d\u00e9lits, il est question de se poser des questions\u2026 Donner la parole \u00e0 ces femmes et \u00e0 ces hommes emp\u00each\u00e9s, retracer leurs progr\u00e8s et leurs peurs. Dire la vie quotidienne carc\u00e9rale pour balayer la m\u00e9connaissance. Revivre l\u2019incroyable libert\u00e9 de ton comme l&rsquo;auto-censure, l\u2019ironie, l\u2019impuissance et le d\u00e9sarroi. T\u00e9moigner de l\u2019exaltation des femmes priv\u00e9es d\u2019hommes, de l&rsquo;excitation des hommes priv\u00e9s de femmes, ivres de l\u2019absurdit\u00e9 de leurs situations.&nbsp;<\/p>\n\n\n\n<p>Val\u00e9rie&nbsp;Durin, &nbsp;mai&nbsp;2017<\/p>\n\n\n<style>.wp-block-kadence-advancedheading.kt-adv-heading171_d18ca0-1a, .wp-block-kadence-advancedheading.kt-adv-heading171_d18ca0-1a[data-kb-block=\"kb-adv-heading171_d18ca0-1a\"]{font-size:var(--global-kb-font-size-xl, 3rem);line-height:1.1;font-style:normal;}.wp-block-kadence-advancedheading.kt-adv-heading171_d18ca0-1a mark.kt-highlight, .wp-block-kadence-advancedheading.kt-adv-heading171_d18ca0-1a[data-kb-block=\"kb-adv-heading171_d18ca0-1a\"] mark.kt-highlight{font-style:normal;color:#f76a0c;-webkit-box-decoration-break:clone;box-decoration-break:clone;padding-top:0px;padding-right:0px;padding-bottom:0px;padding-left:0px;}.wp-block-kadence-advancedheading.kt-adv-heading171_d18ca0-1a img.kb-inline-image, .wp-block-kadence-advancedheading.kt-adv-heading171_d18ca0-1a[data-kb-block=\"kb-adv-heading171_d18ca0-1a\"] img.kb-inline-image{width:150px;vertical-align:baseline;}<\/style>\n<h2 class=\"kt-adv-heading171_d18ca0-1a wp-block-kadence-advancedheading\" data-kb-block=\"kb-adv-heading171_d18ca0-1a\"><strong>Note d\u2019intention et de mise en sc\u00e8ne<\/strong><\/h2>\n\n\n\n<p>Chaque personnage est une construction. Les quinze com\u00e9diens amateurs de la compagnie&nbsp;\u00ab&nbsp;Les Pr\u00e9tendants&nbsp;\u00bbsont issus des ateliers de pratique th\u00e9\u00e2trale que&nbsp;je dirige depuis 20 ans. En s\u2019engageant dans cette aventure, ils ont accept\u00e9 d\u2019affronter de nouveaux d\u00e9fis, travailler avec un auteur vivant sur un texte en mouvement, adopter leur personnage, s\u2019adapter \u00e0 une autre fa\u00e7on de partager le th\u00e9\u00e2tre pour aller aussi au-devant d\u2019autres publics.<\/p>\n\n\n\n<p>Pour seul d\u00e9cor&nbsp;: 20 chaises et une petite table en plastique noir, indestructibles qu\u2019on peut s\u2019envoyer \u00e0 la face sans se blesser. Comme tout le mobilier carc\u00e9ral.&nbsp;<\/p>\n\n\n\n<p>Et les jours s\u2019\u00e9coulent \u00e0 installer et d\u00e9sinstaller ces chaises pour fabriquer du th\u00e9\u00e2tre et construire un nouvel univers.&nbsp;<\/p>\n\n\n\n<p>Ce spectacle s\u2019inscrit dans les projets \u00ab&nbsp;tout terrain&nbsp;\u00bb de la compagnie. Aller au-devant de nouveaux publics, parfois emp\u00each\u00e9s, \u00e9loign\u00e9s, incarc\u00e9r\u00e9s.&nbsp;<\/p>\n\n\n<style>.wp-block-kadence-advancedheading.kt-adv-heading171_759871-36, .wp-block-kadence-advancedheading.kt-adv-heading171_759871-36[data-kb-block=\"kb-adv-heading171_759871-36\"]{font-size:var(--global-kb-font-size-xl, 3rem);line-height:1.1;font-style:normal;}.wp-block-kadence-advancedheading.kt-adv-heading171_759871-36 mark.kt-highlight, .wp-block-kadence-advancedheading.kt-adv-heading171_759871-36[data-kb-block=\"kb-adv-heading171_759871-36\"] mark.kt-highlight{font-style:normal;color:#f76a0c;-webkit-box-decoration-break:clone;box-decoration-break:clone;padding-top:0px;padding-right:0px;padding-bottom:0px;padding-left:0px;}.wp-block-kadence-advancedheading.kt-adv-heading171_759871-36 img.kb-inline-image, .wp-block-kadence-advancedheading.kt-adv-heading171_759871-36[data-kb-block=\"kb-adv-heading171_759871-36\"] img.kb-inline-image{width:150px;vertical-align:baseline;}<\/style>\n<h2 class=\"kt-adv-heading171_759871-36 wp-block-kadence-advancedheading\" data-kb-block=\"kb-adv-heading171_759871-36\"><strong>NUM\u00c9ROS D\u2019\u00c9CROU<\/strong><br><strong>pi\u00e8ce en 4 actes<\/strong><br><strong>dur\u00e9e 1h40&nbsp;<\/strong><\/h2>\n\n\n\n<p>Avec le soutien pour la cr\u00e9ation Les Pr\u00e9tendants Compagnie<\/p>\n\n\n\n<ul class=\"wp-block-list\">\n<li><strong>Minist\u00e8re de la Culture et de la Communication&nbsp;<\/strong>\/Direction r\u00e9gionale des affaires culturelles dans le cadre du Fonds d\u2019encouragement aux initiatives artistiques et culturelles des amateurs<\/li>\n\n\n\n<li><strong>Conseil d\u00e9partemental de l\u2019Yonne \/&nbsp;<\/strong>Direction des affaires culturelles<\/li>\n\n\n\n<li><strong>Le&nbsp;Skenet\u00b0Eau&nbsp;<\/strong>\/ Nouvel espace culturel de Mon\u00e9teau<\/li>\n\n\n\n<li>Texte et mise en sc\u00e8ne&nbsp;<strong>Val\u00e9rie Durin<\/strong><\/li>\n\n\n\n<li>Lumi\u00e8res et sons&nbsp;<strong>Pablo Roy<\/strong><\/li>\n\n\n\n<li><strong>14 com\u00e9diens&nbsp;: (7 femmes, 7 hommes)<\/strong><\/li>\n<\/ul>\n\n\n\n<p>Sandrine&nbsp;Boirel, Guillaume Marcel, Fr\u00e9d\u00e9ric&nbsp;Doly, Laurent&nbsp;Ballarini, Vincent Dano, Clotilde Vuillemin, Myl\u00e8ne Laubry, Nanou Bourgeois, Mado&nbsp;Oudin, Caroline&nbsp;Raulet-Marcel, Alexandre&nbsp;Riccitelli, Jean-Pierre Fauvel, Olivier&nbsp;Sanseigne&nbsp;et No\u00e9mie Charpy.<\/p>\n\n\n<style>.wp-block-kadence-advancedheading.kt-adv-heading171_d49589-38, .wp-block-kadence-advancedheading.kt-adv-heading171_d49589-38[data-kb-block=\"kb-adv-heading171_d49589-38\"]{font-size:var(--global-kb-font-size-lg, 2rem);line-height:1.1;font-style:normal;}.wp-block-kadence-advancedheading.kt-adv-heading171_d49589-38 mark.kt-highlight, .wp-block-kadence-advancedheading.kt-adv-heading171_d49589-38[data-kb-block=\"kb-adv-heading171_d49589-38\"] mark.kt-highlight{font-style:normal;color:#f76a0c;-webkit-box-decoration-break:clone;box-decoration-break:clone;padding-top:0px;padding-right:0px;padding-bottom:0px;padding-left:0px;}.wp-block-kadence-advancedheading.kt-adv-heading171_d49589-38 img.kb-inline-image, .wp-block-kadence-advancedheading.kt-adv-heading171_d49589-38[data-kb-block=\"kb-adv-heading171_d49589-38\"] img.kb-inline-image{width:150px;vertical-align:baseline;}<\/style>\n<h2 class=\"kt-adv-heading171_d49589-38 wp-block-kadence-advancedheading\" data-kb-block=\"kb-adv-heading171_d49589-38\">CALENDRIER DES REPRESENTATIONS<\/h2>\n\n\n<style>.wp-block-kadence-advancedheading.kt-adv-heading171_6de2e2-73, .wp-block-kadence-advancedheading.kt-adv-heading171_6de2e2-73[data-kb-block=\"kb-adv-heading171_6de2e2-73\"]{font-style:normal;}.wp-block-kadence-advancedheading.kt-adv-heading171_6de2e2-73 mark.kt-highlight, .wp-block-kadence-advancedheading.kt-adv-heading171_6de2e2-73[data-kb-block=\"kb-adv-heading171_6de2e2-73\"] mark.kt-highlight{font-style:normal;color:#f76a0c;-webkit-box-decoration-break:clone;box-decoration-break:clone;padding-top:0px;padding-right:0px;padding-bottom:0px;padding-left:0px;}.wp-block-kadence-advancedheading.kt-adv-heading171_6de2e2-73 img.kb-inline-image, .wp-block-kadence-advancedheading.kt-adv-heading171_6de2e2-73[data-kb-block=\"kb-adv-heading171_6de2e2-73\"] img.kb-inline-image{width:150px;vertical-align:baseline;}<\/style>\n<h3 class=\"kt-adv-heading171_6de2e2-73 wp-block-kadence-advancedheading\" data-kb-block=\"kb-adv-heading171_6de2e2-73\"><strong>15 REPRESENTATIONS 2017<\/strong><strong>&nbsp;\u00e0 2022<\/strong><strong>\u2013 PRODUCTION LES PRETENDANTS CIE dans l\u2019Yonne&nbsp;: &nbsp;<\/strong><\/h3>\n\n\n\n<ul class=\"wp-block-list\">\n<li>Le&nbsp;Skenet\u00b0Eau, espace culturel de Mon\u00e9teau <strong>\/&nbsp;<\/strong>23 juin \u00e0 20h30 et 25 juin 2017 \u00e0 16h<\/li>\n\n\n\n<li>Sc\u00e8nes d\u2019automne, Th\u00e9\u00e2tre d&rsquo;Auxerre grande salle&nbsp;\/ 24 septembre 2017&nbsp;\u00e0 18h30<\/li>\n\n\n\n<li>Moulin de Hausse C\u00f4te, Puisaye (89)&nbsp;\/ 30 septembre 2017 \u00e0 21h<\/li>\n\n\n\n<li>Rive droite, Auxerre&nbsp;\/ 26 novembre 2017 \u00e0 16h<\/li>\n\n\n\n<li>ADAPT de Mon\u00e9teau\/ 28 mars 2018 \u00e0 15h<\/li>\n\n\n\n<li>MJC Auxerre \/ 7 octobre 2018 \u00e0 17h<\/li>\n\n\n\n<li>Salle municipale de Saint-Maurice le Vieil \/ 12 octobre 2018 \u00e0 20h30<\/li>\n\n\n\n<li>Avigny, Mailly la ville \/ 15 d\u00e9cembre 2018 \u00e0 20h30<\/li>\n\n\n\n<li>Rive droite, Auxerre \/11 octobre 2019 \u00e0 19h<\/li>\n\n\n\n<li>Salle municipale de Saint-Georges \/ 21 novembre 2019 \u00e0 19h<\/li>\n\n\n\n<li>Chez Myl\u00e8ne&nbsp;Laubry&nbsp;\u00e0 Montigny sur&nbsp;Resles&nbsp;\/ 17 octobre 2021<\/li>\n\n\n\n<li>Rive Droite Auxerre \/ Samedi 5 mars 2022 \u00e0 20h30&nbsp;<\/li>\n\n\n\n<li>Salle des f\u00eates d\u2019Appoigny \/ Samedi 23 avril 2022 \u00e0 20h30<\/li>\n\n\n\n<li>Salle des f\u00eates de Chevannes (89)&nbsp;\/ dimanche 13 novembre 2022 \u00e0 15h<\/li>\n<\/ul>\n\n\n<style>.wp-block-kadence-advancedheading.kt-adv-heading171_b72121-37, .wp-block-kadence-advancedheading.kt-adv-heading171_b72121-37[data-kb-block=\"kb-adv-heading171_b72121-37\"]{line-height:1.3;font-style:normal;}.wp-block-kadence-advancedheading.kt-adv-heading171_b72121-37 mark.kt-highlight, .wp-block-kadence-advancedheading.kt-adv-heading171_b72121-37[data-kb-block=\"kb-adv-heading171_b72121-37\"] mark.kt-highlight{font-style:normal;color:#f76a0c;-webkit-box-decoration-break:clone;box-decoration-break:clone;padding-top:0px;padding-right:0px;padding-bottom:0px;padding-left:0px;}.wp-block-kadence-advancedheading.kt-adv-heading171_b72121-37 img.kb-inline-image, .wp-block-kadence-advancedheading.kt-adv-heading171_b72121-37[data-kb-block=\"kb-adv-heading171_b72121-37\"] img.kb-inline-image{width:150px;vertical-align:baseline;}<\/style>\n<h3 class=\"kt-adv-heading171_b72121-37 wp-block-kadence-advancedheading\" data-kb-block=\"kb-adv-heading171_b72121-37\"><strong>19<\/strong>&nbsp;<strong>REPRESENTATIONS 201<\/strong><strong>8 \u00e0 2025&nbsp;<\/strong><strong>\u2013 PRODUCTION ARRANGEMENT THEATRE en France&nbsp;:&nbsp;<\/strong><\/h3>\n\n\n\n<p>Auditorium du Conservatoire d\u2019Auxerre \/ 27 mars 2018 \u00e0 19h<br>\u2022 Th\u00e9\u00e2tre de l\u2019Ep\u00e9e de Bois \u2013 Cartoucherie de Paris (75) \/ 14 avril 2018 \u00e0 16h et \u00e0 20h30<br>\u2022 Ancien tribunal de Semur en Auxois (21) \/ 17 septembre 2018 \u00e0 21h<br>\u2022 Centre de d\u00e9tention de Joux la ville (89) \/ 26 octobre 2018 \u00e0 14h30<br>\u2022 Th\u00e9\u00e2tre de l\u2019Ep\u00e9e de Bois \u2013 Cartoucherie de Paris (75)\/&nbsp;4 novembre 2018 \u00e0 16h<br>\u2022 La Tannerie Avallon (89) \u2013 Journ\u00e9es nationales des&nbsp;prisons &nbsp;\/&nbsp;25 novembre 2018 \u00e0 15h<br>\u2022 Fains&nbsp;les Moutiers (21)\u2013&nbsp;Journ\u00e9e Visiteurs des prisons \/ 30 mars 2019 \u00e0 20h30<br>\u2022 Salle Claude Debussy \u00e0 Joigny (89) \/ 4 avril 2019 \u00e0 20h30<br>\u2022 Th\u00e9\u00e2tre de l\u2019Ep\u00e9e de Bois \u2013 Cartoucherie de Paris (75) \/ 13 avril \u00e0 16h et 22 juin 2019 \u00e0 20h30<br>\u2022 Th\u00e9\u00e2tre 70 de&nbsp;Ch\u00e2lon&nbsp;sur Sa\u00f4ne (71) \/ 3 novembre 2019 \u00e0 16H<br>\u2022 Salle polyvalente de Toucy (89)\/&nbsp;9 novembre 2019 \u00e0 20h45<br>\u2022 Th\u00e9\u00e2tre municipal de Vesoul (70) \/ 23 novembre 2019 \u00e0 20h30<br>\u2022 Centre de d\u00e9tention de Joux la ville (89) \/ 2 mars 2020 \u00e0 14h<br>\u2022 <a href=\"https:\/\/www.epeedebois.com\/un-spectacle\/numeros-decrou-2\/\" target=\"_blank\" rel=\"noopener\">Th\u00e9\u00e2tre de l\u2019Ep\u00e9e de Bois \u2013 Cartoucherie de Paris&nbsp;(75)&nbsp;\/ Dimanche 24 avril 2022 \u00e0 16h30<\/a><br>\u2022 <a href=\"https:\/\/www.epeedebois.com\/un-spectacle\/numeros-decrou-2\/\" target=\"_blank\" rel=\"noopener\">Th\u00e9\u00e2tre de l\u2019Ep\u00e9e de Bois \u2013 Cartoucherie de Paris&nbsp;(75)&nbsp;\/ Samedi 22 janvier 2022 \u00e0 14h30<\/a><br>\u2022 Espace Bernadette Soubirous \u00e0 Nevers&nbsp;(58)&nbsp;\/ Samedi 18 juin 2022 \u00e0 20h30<br>\u2022 Salle des Eduens de Nevers (58) \/ Dimanche 23 avril 2023 \u00e0 15h<br>\u2022 Salle des f\u00eates de Pont-Sainte-Marie (10) \/ Vendredi 02 juin 2023 \u00e0 20h<br>\u2022 Espace Bernadette Soubirous \u00e0 Nevers (58) \/ Dimanche 14 septembre 2025<br>\u2022 Cabaret L\u2019Escale \u00e0 Migennes (89) \/ Samedi 11 octobre 2025<\/p>\n\n\n\n<p>Salle des Mar\u00e9chaux \u00e0 Avallon \/ Dimanche 22 novembre 2026<\/p>\n\n\n\n<p><\/p>\n\n\n\n<p>&nbsp;<\/p>\n<\/div><\/div>\n\n\n<style>.kadence-column171_b4fcf3-fc > .kt-inside-inner-col,.kadence-column171_b4fcf3-fc > .kt-inside-inner-col:before{border-top-left-radius:0px;border-top-right-radius:0px;border-bottom-right-radius:0px;border-bottom-left-radius:0px;}.kadence-column171_b4fcf3-fc > .kt-inside-inner-col{column-gap:var(--global-kb-gap-sm, 1rem);}.kadence-column171_b4fcf3-fc > .kt-inside-inner-col{flex-direction:column;}.kadence-column171_b4fcf3-fc > .kt-inside-inner-col > .aligncenter{width:100%;}.kadence-column171_b4fcf3-fc > .kt-inside-inner-col:before{opacity:0.3;}.kadence-column171_b4fcf3-fc{position:relative;}@media all and (max-width: 1024px){.kadence-column171_b4fcf3-fc > .kt-inside-inner-col{flex-direction:column;justify-content:center;}}@media all and (max-width: 767px){.kadence-column171_b4fcf3-fc > .kt-inside-inner-col{flex-direction:column;justify-content:center;}}<\/style>\n<div class=\"wp-block-kadence-column kadence-column171_b4fcf3-fc\"><div class=\"kt-inside-inner-col\"><\/div><\/div>\n\n<\/div><\/div>\n\n<style>.kb-row-layout-id171_929b3d-f6 > .kt-row-column-wrap{align-content:start;}:where(.kb-row-layout-id171_929b3d-f6 > .kt-row-column-wrap) > .wp-block-kadence-column{justify-content:start;}.kb-row-layout-id171_929b3d-f6 > .kt-row-column-wrap{column-gap:var(--global-kb-gap-md, 2rem);row-gap:var(--global-kb-gap-md, 2rem);padding-top:var(--global-kb-spacing-sm, 1.5rem);padding-bottom:var(--global-kb-spacing-sm, 1.5rem);}.kb-row-layout-id171_929b3d-f6 > .kt-row-column-wrap > div:not(.added-for-specificity){grid-column:initial;}.kb-row-layout-id171_929b3d-f6 > .kt-row-column-wrap{grid-template-columns:minmax(0, 1fr) minmax(0, 2fr) minmax(0, 1fr);}.kb-row-layout-id171_929b3d-f6 > .kt-row-layout-overlay{opacity:0.30;}@media all and (max-width: 1024px){.kb-row-layout-id171_929b3d-f6 > .kt-row-column-wrap > div:not(.added-for-specificity){grid-column:initial;}}@media all and (max-width: 1024px){.kb-row-layout-id171_929b3d-f6 > .kt-row-column-wrap{grid-template-columns:minmax(0, 1fr) minmax(0, 2fr) minmax(0, 1fr);}}@media all and (max-width: 767px){.kb-row-layout-id171_929b3d-f6 > .kt-row-column-wrap > div:not(.added-for-specificity){grid-column:initial;}.kb-row-layout-id171_929b3d-f6 > .kt-row-column-wrap{grid-template-columns:minmax(0, 1fr);}}<\/style><div class=\"kb-row-layout-wrap kb-row-layout-id171_929b3d-f6 alignnone has-theme-palette6-background-color kt-row-has-bg wp-block-kadence-rowlayout\"><div class=\"kt-row-column-wrap kt-has-3-columns kt-row-layout-center-half kt-tab-layout-inherit kt-mobile-layout-row kt-row-valign-top\">\n<style>.kadence-column171_1791df-29 > .kt-inside-inner-col,.kadence-column171_1791df-29 > .kt-inside-inner-col:before{border-top-left-radius:0px;border-top-right-radius:0px;border-bottom-right-radius:0px;border-bottom-left-radius:0px;}.kadence-column171_1791df-29 > .kt-inside-inner-col{column-gap:var(--global-kb-gap-sm, 1rem);}.kadence-column171_1791df-29 > .kt-inside-inner-col{flex-direction:column;}.kadence-column171_1791df-29 > .kt-inside-inner-col > .aligncenter{width:100%;}.kadence-column171_1791df-29 > .kt-inside-inner-col:before{opacity:0.3;}.kadence-column171_1791df-29{position:relative;}@media all and (max-width: 1024px){.kadence-column171_1791df-29 > .kt-inside-inner-col{flex-direction:column;justify-content:center;}}@media all and (max-width: 767px){.kadence-column171_1791df-29 > .kt-inside-inner-col{flex-direction:column;justify-content:center;}}<\/style>\n<div class=\"wp-block-kadence-column kadence-column171_1791df-29\"><div class=\"kt-inside-inner-col\"><\/div><\/div>\n\n\n<style>.kadence-column171_4ecab7-91 > .kt-inside-inner-col,.kadence-column171_4ecab7-91 > .kt-inside-inner-col:before{border-top-left-radius:0px;border-top-right-radius:0px;border-bottom-right-radius:0px;border-bottom-left-radius:0px;}.kadence-column171_4ecab7-91 > .kt-inside-inner-col{column-gap:var(--global-kb-gap-sm, 1rem);}.kadence-column171_4ecab7-91 > .kt-inside-inner-col{flex-direction:column;}.kadence-column171_4ecab7-91 > .kt-inside-inner-col > .aligncenter{width:100%;}.kadence-column171_4ecab7-91 > .kt-inside-inner-col:before{opacity:0.3;}.kadence-column171_4ecab7-91{position:relative;}@media all and (max-width: 1024px){.kadence-column171_4ecab7-91 > .kt-inside-inner-col{flex-direction:column;justify-content:center;}}@media all and (max-width: 767px){.kadence-column171_4ecab7-91 > .kt-inside-inner-col{flex-direction:column;justify-content:center;}}<\/style>\n<div class=\"wp-block-kadence-column kadence-column171_4ecab7-91\"><div class=\"kt-inside-inner-col\"><style>.wp-block-kadence-advancedheading.kt-adv-heading171_253634-1d, .wp-block-kadence-advancedheading.kt-adv-heading171_253634-1d[data-kb-block=\"kb-adv-heading171_253634-1d\"]{font-size:var(--global-kb-font-size-lg, 2rem);font-style:normal;}.wp-block-kadence-advancedheading.kt-adv-heading171_253634-1d mark.kt-highlight, .wp-block-kadence-advancedheading.kt-adv-heading171_253634-1d[data-kb-block=\"kb-adv-heading171_253634-1d\"] mark.kt-highlight{font-style:normal;color:#f76a0c;-webkit-box-decoration-break:clone;box-decoration-break:clone;padding-top:0px;padding-right:0px;padding-bottom:0px;padding-left:0px;}.wp-block-kadence-advancedheading.kt-adv-heading171_253634-1d img.kb-inline-image, .wp-block-kadence-advancedheading.kt-adv-heading171_253634-1d[data-kb-block=\"kb-adv-heading171_253634-1d\"] img.kb-inline-image{width:150px;vertical-align:baseline;}<\/style>\n<p class=\"kt-adv-heading171_253634-1d wp-block-kadence-advancedheading\" data-kb-block=\"kb-adv-heading171_253634-1d\"><strong>Num\u00e9ros d\u2019\u00e9crou<\/strong><\/p>\n\n\n<style>.wp-block-kadence-advancedheading.kt-adv-heading171_f38bbe-34, .wp-block-kadence-advancedheading.kt-adv-heading171_f38bbe-34[data-kb-block=\"kb-adv-heading171_f38bbe-34\"]{padding-top:0px;padding-right:0px;padding-bottom:0px;padding-left:0px;margin-top:0px;margin-right:0px;margin-bottom:0px;margin-left:0px;font-size:var(--global-kb-font-size-xl, 3rem);line-height:1;font-style:normal;}.wp-block-kadence-advancedheading.kt-adv-heading171_f38bbe-34 mark.kt-highlight, .wp-block-kadence-advancedheading.kt-adv-heading171_f38bbe-34[data-kb-block=\"kb-adv-heading171_f38bbe-34\"] mark.kt-highlight{font-style:normal;color:#f76a0c;-webkit-box-decoration-break:clone;box-decoration-break:clone;padding-top:0px;padding-right:0px;padding-bottom:0px;padding-left:0px;}.wp-block-kadence-advancedheading.kt-adv-heading171_f38bbe-34 img.kb-inline-image, .wp-block-kadence-advancedheading.kt-adv-heading171_f38bbe-34[data-kb-block=\"kb-adv-heading171_f38bbe-34\"] img.kb-inline-image{width:150px;vertical-align:baseline;}<\/style>\n<h2 class=\"kt-adv-heading171_f38bbe-34 wp-block-kadence-advancedheading\" data-kb-block=\"kb-adv-heading171_f38bbe-34\">la parole est aux spectateurs<\/h2>\n\n\n\n<p>-Entrer dans une prison&#8230; pas trop envie non ?&nbsp;<br>Mais puisque c\u2019est du th\u00e9\u00e2tre, on veut bien y aller voir,&nbsp;on risque rien&#8230;<br><br>-\u00ab Num\u00e9ros d\u2019\u00e9crou \u00bb, raconte un atelier th\u00e9\u00e2tre en prison. Des femmes et des hommes incarc\u00e9r\u00e9s, une metteuse en sc\u00e8ne qui anime l\u2019atelier th\u00e9\u00e2tre, des gardiens&#8230; et le carcan permanent, immense, omnipr\u00e9sent de l\u2019administration p\u00e9nitentiaire.<br>Pas beaucoup de latitude dans ce cadre aux proc\u00e9dures de s\u00e9curit\u00e9 interminables, aux contraintes tellement lourdes qu\u2019elles prennent le pas sur tout individu qui p\u00e9n\u00e8tre en ce lieu&#8230; Ici, personne ne d\u00e9cide ce qu\u2019il peut faire, ce qu\u2019il doit faire, ce qu\u2019il veut faire. Ni le personnel, ni les intervenants ext\u00e9rieurs&#8230; et surtout pas les d\u00e9tenus. Tout est d\u00e9cid\u00e9 par la machine administrative. Tout fait redescendre l\u2019adulte au stade de l\u2019enfant quand il subit, subit, subit&#8230;&nbsp;<br>D\u00e8s lors l\u2019atelier th\u00e9\u00e2tre, bien que m\u00e9chamment comprim\u00e9 par la machine, devient une soupape d\u2019expression du mal \u00eatre, d\u2019\u00e9change, de confrontation, mais aussi de r\u00eave, d\u2019espoir, de complicit\u00e9, presque de libert\u00e9&#8230;<br>Le miracle de \u00ab Num\u00e9ros d\u2019\u00e9crou \u00bb, c\u2019est d\u2019extraire d\u2019une exp\u00e9rience v\u00e9cue en maison de d\u00e9tention des morceaux de r\u00e9alit\u00e9 pure, et de nous mettre en empathie avec ces adultes-objets redevenus enfants, car il est plus facile de comprendre l\u2019enfant en l\u2019autre.<br>Ecrite avec attention \u00e0 la v\u00e9rit\u00e9 des \u00eatres et des moments, mise en sc\u00e8ne avec justesse sans artifice d\u00e9monstratif, interpr\u00e9t\u00e9e par des com\u00e9diens \u00e9tonnants qui ont accept\u00e9 de mettre leur candeur \u00e0 nu, la pi\u00e8ce nous touche et nous questionne sur l\u2019essentiel : \u00e0 quoi \u00e7a sert d\u2019enfermer les gens en prison ? \u00c0 les punir ? \u00c0 les mettre hors d\u2019\u00e9tat de nuire ? \u00c0 les dissuader de recommencer ou \u00e0 dissuader d\u2019autres de faire ce qu\u2019ils ont fait ? \u00c0 les corriger ? Et surtout : est-ce vraiment efficace et y a\u2013t-il d\u2019autres solutions ? Pas de r\u00e9ponse claire bien s\u00fbr \u00e0 ces questions, juste la sensation qu\u2019il y a de bonnes chances que la r\u00e9ponse soit individuelle&#8230; mais de cela, de l\u2019individu, la machine administrative ne veut pas entendre parler.&nbsp;<br>On en sort bien \u00e9mu de cette vir\u00e9e en prison,&nbsp;on regrette pas&nbsp;d\u2019y \u00eatre all\u00e9, on se dit juste que si un jour \u00e7a nous tombe dessus ou \u00e0 un de nos proches, on fera pas le malin&#8230;\u00a0\u00bb<\/p>\n\n\n\n<p>-\u00ab&nbsp;Non on ne regrette pas d&rsquo;y \u00eatre all\u00e9. Une pi\u00e8ce forte en \u00e9motions et des bruits qu&rsquo;on n\u2019oublie pas comme les grilles qui se referment. Bravo \u00e0 tous les acteurs.&nbsp;\u00bb&nbsp;<\/p>\n\n\n\n<p>-\u00ab&nbsp;C&rsquo;est la premi\u00e8re fois qu&rsquo;il m&rsquo;\u00e9tait \u00ab\u00a0confortable\u00a0\u00bb de me retrouver en prison si je puis dire. L&rsquo;effet du th\u00e9\u00e2tre garantissait de ne pas \u00eatre pris dans l&rsquo;enfer de la taule \u00e0 la fin et de ressortir libre ce qui est rassurant et pourtant j&rsquo;y ai retrouv\u00e9 toutes les pesanteurs, les bruits, les cris, les absurdit\u00e9s kafka\u00efennes qui ont en partie fait qu&rsquo;il y a quelques ann\u00e9es j&rsquo;ai renonc\u00e9 \u00e0 faire des expertises au p\u00e9nal qui me demandait d&rsquo;aller sur Fleury, Fresnes ou la Sant\u00e9.&nbsp;<\/p>\n\n\n\n<p>-L&rsquo;\u00e9conomie du&nbsp;d\u00e9cor, la force et la justesse des dialogues ont su faire surgir pour nous les murs, les barreaux, l&rsquo;exigu\u00eft\u00e9 des lieux et l&rsquo;espoir\/d\u00e9sespoir qui se chahutent l&rsquo;un l&rsquo;autre en permanence dans cet univers autarcique et tautologique.&nbsp;<\/p>\n\n\n\n<p>-Merci donc pour cet \u00e9clairage sur ces lieux clos et imp\u00e9n\u00e9trables sauf \u00e0 y travailler ou y s\u00e9journer pour des raisons toujours terribles.&nbsp;\u00bb<\/p>\n\n\n\n<p>-\u00ab&nbsp;C\u2019\u00e9tait un vrai bonheur pour nous de pouvoir d\u00e9couvrir cette nouvelle cr\u00e9ation qui est tr\u00e8s&nbsp;tr\u00e8s&nbsp;puissante et pleine d\u2019exp\u00e9rience humaine au sein de l\u2019univers carc\u00e9ral. On y apprend tant et tous les acteurs sont fabuleusement incarn\u00e9s et investis. J\u2019ai beaucoup aim\u00e9 l\u2019\u00e9criture, sa forme, le d\u00e9coupage des jours, des mois, du temps que l\u2019on sent passer et qui est presque le sujet.&nbsp;\u00bb<\/p>\n\n\n\n<p>-\u00ab&nbsp;Nous voulons encore une fois assister \u00e0 cette cr\u00e9ation formidable&nbsp;;&nbsp;le texte nous apprend tant sur ce milieu, le mouvement la direction des acteurs&nbsp;et l&rsquo;architecture de votre spectacle est un vrai bonheur.&nbsp;\u00bb<\/p>\n\n\n\n<p>-\u00ab&nbsp;Bravo ! C&rsquo;\u00e9tait un spectacle beau et fort, du vrai et du v\u00e9cu \u00e0 chaque instant, et un bel investissement des com\u00e9diens. Une pi\u00e8ce qui touche et bouleverse.&nbsp;\u00bb<\/p>\n\n\n\n<p>-\u00ab&nbsp;Bouleversant de justesse et de v\u00e9rit\u00e9 humaine.&nbsp;\u00bb<\/p>\n\n\n\n<p>\u00ab&nbsp;C&rsquo;\u00e9tait criant de v\u00e9rit\u00e9&#8230; bravo \u00e0 vous tous. De l&rsquo;\u00e9motion encore&#8230; Merci.&nbsp;<\/p>\n\n\n\n<p>-\u00ab&nbsp;D\u00e9j\u00e0 envie de revoir la pi\u00e8ce, car riche et dense\u2026&nbsp;Diff\u00e9rente apr\u00e8s qu\u2019avant, je pars avec les r\u00e9flexions que vous proposez.&nbsp;La pi\u00e8ce&nbsp;va me faire du profit les jours qui viennent. Merci.&nbsp;\u00bb<\/p>\n\n\n\n<p>-\u00ab&nbsp;Tr\u00e8s beau texte, vrai, dr\u00f4le et poignant&nbsp;! Bravo les com\u00e9diens&nbsp;!&nbsp;\u00bb<\/p>\n\n\n\n<p>-\u00ab&nbsp;Tr\u00e8s \u00e9mouvant et tr\u00e8s dr\u00f4le.&nbsp;\u00bb<\/p>\n\n\n\n<p>-\u00ab&nbsp;Superbe pi\u00e8ce.&nbsp;Tr\u00e8s \u00e9mue, bravo \u00e0 tous.&nbsp;L\u2019essence m\u00eame du th\u00e9\u00e2tre.&nbsp;\u00bb<\/p>\n\n\n\n<p>-\u00ab&nbsp;Excellent spectacle.&nbsp;\u00bb&nbsp;&nbsp; &nbsp;<\/p>\n\n\n\n<p>-\u00ab&nbsp;J&rsquo;ai revu&nbsp;hier soir&nbsp;<strong>Num\u00e9ros&nbsp;d&rsquo;\u00e9crou.<\/strong>&nbsp;Tou.t.e.s&nbsp;sont&nbsp;vraiment tr\u00e8s bien. Un r\u00e9el plaisir par votre jeu, et puis&nbsp;la trame th\u00e9\u00e2trale imagin\u00e9e par Val\u00e9rie Durin, c&rsquo;est du nanan. Je viens de lire la biographie d&rsquo;Anton Tchekhov, je n&rsquo;en fus donc que plus \u00e9mu. Revenant chez moi au volant de ma fid\u00e8le voiture, je me demandais si d&rsquo;autres r\u00e9gions que la n\u00f4tre b\u00e9n\u00e9ficiaient d&rsquo;autant de talents.&nbsp;\u00bb<\/p>\n\n\n\n<p><strong>Retours sur la repr\u00e9sentation de Num\u00e9ros d\u2019\u00e9crou&nbsp;<\/strong><strong>par les r\u00e9sidents de<\/strong><strong>&nbsp;LADAPT de Mon\u00e9teau<\/strong><strong>,&nbsp;<\/strong><strong>association pour l\u2019insertion sociale et professionnelle des personnes handicap\u00e9es,&nbsp;<\/strong><strong>28&nbsp;<\/strong><strong>mars 2018<\/strong><\/p>\n\n\n\n<p>&#8211;&nbsp;Tr\u00e8s bien jou\u00e9, c\u2019est puissant. Et cette pi\u00e8ce fait r\u00e9fl\u00e9chir.&nbsp;\u00c7a me renvoie&nbsp;\u00e0 une r\u00e9flexion sur la perception qu\u2019on peut avoir des d\u00e9tenus et de comment on peut les assimiler aux actes plut\u00f4t qu\u2019aux personnes et aussi \u00e0 r\u00e9fl\u00e9chir sur les lois non respect\u00e9es. La qualit\u00e9 de jeu est pour ce th\u00e8me suffisante car elle sert la simplicit\u00e9. Les acteurs ont compris qu\u2019il ne fallait pas en faire de trop. Bravo<\/p>\n\n\n\n<p>&#8211;&nbsp;C\u2019\u00e9tait tr\u00e8s bien et aussi un bon sujet. J\u2019\u00e9tais au fond et dommage car on ne voyait pas bien. \u00c7a m\u2019a chamboul\u00e9 toute cette alternance d\u2019\u00e9motions.<\/p>\n\n\n\n<p>&#8211;&nbsp;J\u2019ai bien aim\u00e9 parce que \u00e7a refl\u00e8te les v\u00e9cus et les \u00ab&nbsp;bobos&nbsp;\u00bb du milieu carc\u00e9ral. Le sujet m\u2019a vraiment plu.&nbsp;Parfois il manquait de la fluidit\u00e9 dans les dialogues ou les passages d\u2019une sc\u00e8ne \u00e0 l\u2019autre.<\/p>\n\n\n\n<p>&#8211;&nbsp;J\u2019ai bien aim\u00e9 mais j\u2019\u00e9tais super mal install\u00e9 et les&nbsp;chaises sont pas&nbsp;confortables. Du coup je suis parti mais j\u2019ai tenu longtemps car la pi\u00e8ce \u00e9tait bien et bien jou\u00e9. En plus&nbsp;je vais jamais&nbsp;au th\u00e9\u00e2tre et si j\u2019avais pas aim\u00e9 je serais reparti tout de suite.&nbsp;<\/p>\n\n\n\n<p>&#8211;&nbsp;J\u2019\u00e9tais vraiment projet\u00e9 dans un milieu que&nbsp;je connais pas. Depuis hier, j\u2019ai pens\u00e9 \u00e0 toutes ces choses pas \u00e9videntes. Maintenant je porte un autre regard. \u00c7a m\u2019a fait cogiter ces th\u00e8mes&nbsp;!!! la sexualit\u00e9 par exemple. Je voyais que les probl\u00e8mes de la violence et la bagarre alors qu\u2019il y a beaucoup plus grave sur l\u2019id\u00e9e de la personne. On&nbsp;n\u2019est plus personne. Franchement avec le minimum (14 chaises), ils ont r\u00e9ussi \u00e0 nous d\u00e9placer \u00e0 l\u2019int\u00e9rieur d\u2019une prison. L\u2019objectif est l\u00e0&nbsp;! Les com\u00e9diens sont au top&nbsp;!<\/p>\n\n\n\n<p>&#8211;&nbsp;Les com\u00e9diens sont supers. L\u2019actrice qui chante passe d\u2019un registre \u00e0 un autre&nbsp;: c\u2019est magnifique comme elle joue bien. Elle nous embarque dans nos \u00e9motions.&nbsp;<\/p>\n\n\n\n<p>&#8211;&nbsp;Je suis content d\u2019\u00eatre venu voir cette pi\u00e8ce. L\u2019acteur qui joue Kader joue dr\u00f4lement bien&nbsp;: est-ce que c\u2019est son handicap ou son jeu d\u2019acteur&nbsp;? S\u2019il est handicap\u00e9, c\u2019est encore plus fort. Kader apporte un plus \u00e0 la pi\u00e8ce et il est d\u2019un charisme incroyable.<\/p>\n\n\n\n<p>&#8211;&nbsp;Dur, touchant, \u00e9tonnant. J\u2019ai \u00e9t\u00e9 qu\u2019une fois au th\u00e9\u00e2tre pour voir du Becket. Au d\u00e9but j\u2019ai eu du mal \u00e0 comprendre la mise en sc\u00e8ne. J\u2019ai cru qu\u2019ils nous demandaient de participer. En plus c\u2019est bien parce&nbsp;qu\u2019il y avait pas&nbsp;de sur jeu. Celle qui joue Manue elle est super dou\u00e9e.<\/p>\n\n\n\n<p>&#8211;&nbsp;J\u2019ai aim\u00e9 et je suis rest\u00e9 jusqu\u2019\u00e0 la fin alors que pourtant j\u2019voulais pas y aller parce que j\u2019ai \u00e9t\u00e9 incarc\u00e9r\u00e9 et du coup \u00e7a me renvoie&nbsp;\u00e0 pleins de choses v\u00e9cues. En sortant, je me suis demand\u00e9 mais&nbsp;comment ils ont fait&nbsp;? Tout est vrai et tout est juste&nbsp;!!! Et tr\u00e8s juste au niveau de l\u2019interpr\u00e9tation alors que je suppose que&nbsp;c\u2019est pas&nbsp;des gens qui sont all\u00e9s en prison. C\u2019est vrai, les prisonniers ont un comportement \u00e9quivalent \u00e0 ce que j\u2019ai&nbsp;pu voir m\u00eame parfois plus hard encore. Celui qui change de pr\u00e9noms (Abdel, Terminator, Brad\u2026) il en fait un peu trop m\u00eame si c\u2019est son r\u00f4le mais les autres ont \u00e9t\u00e9 supers&nbsp;!<\/p>\n\n\n\n<p>&#8211;&nbsp;J\u2019ai trouv\u00e9 que cette pi\u00e8ce \u00e9tait tr\u00e8s violente. Le th\u00e8me m\u2019a touch\u00e9 en plein c\u0153ur et j\u2019en ai pleur\u00e9 le soir. C\u2019est parce que j\u2019ai du mal avec la violence et l\u00e0 c\u2019\u00e9tait si bien jou\u00e9 que je l\u2019ai pris en pleine poire. Le jeu des acteurs est vraiment bien. Celui qui joue L\u00e9o, il a un truc et surtout une belle voix.&nbsp;<\/p>\n\n\n\n<p>&#8211;&nbsp;J\u2019adore le th\u00e9\u00e2tre alors j\u2019ai bien aim\u00e9 voir cette pi\u00e8ce.<\/p>\n\n\n\n<p>&#8211;&nbsp;Certaines sc\u00e8nes sont dr\u00f4les alors que pourtant c\u2019est plut\u00f4t dur de voir comment \u00e7a se passe dans ce milieu que je ne connais pas. Il y a des sc\u00e8nes qui m\u2019ont choqu\u00e9es&nbsp;: celle o\u00f9 ils se battent et tous sur cette femme. On a l\u2019impression que c\u2019est du r\u00e9el&nbsp;! Les acteurs sont impeccables dans leur r\u00f4le car chacun est sa place.<\/p>\n\n\n\n<p>&#8211;&nbsp;On s\u2019identifie parce que finalement on vit un peu les m\u00eames \u00e9motions&nbsp;: l\u2019exclusion. Ou l\u2019impression d\u2019\u00eatre enferm\u00e9 dans son handicap. F\u00e9licitations&nbsp;\u00e0 tous les acteurs.<\/p>\n\n\n\n<p>&#8211;&nbsp;J\u2019ai \u00e9t\u00e9 choqu\u00e9 par la bagarre. Il faut quand&nbsp;m\u00eame garder cette sc\u00e8ne. En plus j\u2019\u00e9tais tout pr\u00e8s presque dans la sc\u00e8ne. En fait, j\u2019ai ressenti cette pi\u00e8ce de l\u2019int\u00e9rieur. C\u2019\u00e9tait int\u00e9ressant et je suis content d\u2019\u00eatre venu. &nbsp;Et puis m\u00eame si le sujet est grave, on rigole aussi \u00e0 certains moments. L\u00e9o, il tient bien son personnage. Il est \u00e0 fond.<\/p>\n\n\n\n<p>&#8211;&nbsp;J\u2019ai aussi aim\u00e9 la mamie qui chante. Elle est formidable. Belle&nbsp;apr\u00e8s midi&nbsp;pour moi qui vais&nbsp;peu au th\u00e9\u00e2tre.<\/p>\n\n\n\n<p>&#8211;&nbsp;Tout l\u2019ensemble \u00e9tait tr\u00e8s bien. Mais&nbsp;c\u2019\u00e9tait pas&nbsp;dr\u00f4le et le surveillant est trop s\u00e9v\u00e8re&nbsp;: on croirait un vrai&nbsp;! G\u00e9nial m\u00eame si pour moi le th\u00e9\u00e2tre d\u2019habitude c\u2019est pour rire et se d\u00e9tendre.<\/p>\n\n\n\n<p>&#8211;&nbsp;C\u2019est ma premi\u00e8re fois au th\u00e9\u00e2tre. J\u2019ai bien aim\u00e9. C\u2019est bien jou\u00e9 surtout par rapport aux personnages et \u00e0 l\u2019id\u00e9e que je me faisais des d\u00e9tenus. En plus, une bonne mise en sc\u00e8ne. F\u00e9licitations pour le travail parce que y a beaucoup de texte \u00e0 retenir.<\/p>\n\n\n\n<p>&#8211;&nbsp;J\u2019ai travaill\u00e9 comme intervenante \u00e0 Joux la ville quelques mois et j\u2019ai retrouv\u00e9 exactement l\u2019ambiance. J\u2019ai eu l\u2019impression d\u2019y \u00eatre. C\u2019est super bien interpr\u00e9t\u00e9. Chacun investit&nbsp;son personnage. \u00c7a sonne juste. &nbsp;La mise en sc\u00e8ne est simple et tant mieux car elle va bien avec le contenu. Ces 2 heures m\u2019ont renvoy\u00e9 dans le r\u00e9el. Je le vois comme du th\u00e9\u00e2tre\/r\u00e9alit\u00e9. Tr\u00e8s bien jou\u00e9&nbsp;: les com\u00e9diens assurent.<\/p>\n\n\n\n<p>&#8211;&nbsp;Bien dans l\u2019ensemble mais l\u2019audition est mauvaise au fond de la salle. Il manque parfois quelque chose dans l\u2019enchainement des s\u00e9quences (sur certains seulement). Je suis \u00e9tonn\u00e9e par le jeu des acteurs&nbsp;: on sent une beaucoup de sinc\u00e9rit\u00e9 et les \u00e9motions sont bien transmises.<\/p>\n\n\n\n<p>&#8211;&nbsp;Tous les acteurs se sont bien exprim\u00e9s par rapport au sujet. C\u2019est la vraie vie carc\u00e9rale ! Y a des choses que j\u2019ai v\u00e9cu alors \u00e7a m\u2019a vraiment touch\u00e9. \u00c7a m\u2019a fait penser&nbsp;\u00e0 mon pass\u00e9 et en plus j\u2019\u00e9tais devant. C\u2019est vraiment un m\u00e9tier d\u2019\u00eatre acteur pour que les autres comprennent ce qu\u2019on vit dans la prison et l\u00e0 c\u2019est r\u00e9ussi. &nbsp;A\u00efcha m\u2019a fait rire dans ses r\u00e9actions tendues. Le lover j\u2019aime comme il g\u00e8re et c\u2019est surtout le petit L\u00e9o qui m\u2019a impressionn\u00e9&nbsp;: il joue parfaitement son r\u00f4le\u2026&nbsp;il joue tr\u00e8s&nbsp;tr\u00e8s&nbsp;bien. Finalement cette pi\u00e8ce m\u2019a fait plaisir&nbsp;: il faut \u00eatre conscient de cette vie et ne jugeons pas. Les personnes plut\u00f4t que les actes&nbsp;!!!!<\/p>\n\n\n\n<p>&#8211;&nbsp;J\u2019ai trouv\u00e9 cela g\u00e9nial. Ce sont&nbsp;des vrais acteurs pro. En plus il n\u2019y a pas de temps mort et ils sont en lien avec les uns avec les autres. J\u2019ai d\u2019autant ador\u00e9 que le&nbsp;lieu \u00e9tait pas&nbsp;\u00e9vident&nbsp;: c\u2019est pas un th\u00e9\u00e2tre, la cantine. L\u00e0 on avait le regard en direct.<\/p>\n\n\n\n<p>&#8211;&nbsp;Il a manqu\u00e9 un \u00e9change apr\u00e8s. Le sujet est trait\u00e9 de telle fa\u00e7on que plusieurs regards sont possibles. Le sujet est lourd mais avec des pointes d\u2019humour \u00e7a passe tout seul. On rit, on est \u00e9mu, en col\u00e8re. \u00c7a appelle \u00e0 plein de sentiments. Le plus touchant, c\u2019est l\u2019acteur b\u00e8gue&nbsp;: il est courageux et \u00e7a lui va bien de faire du th\u00e9\u00e2tre.<\/p>\n\n\n\n<p>&#8211;&nbsp;Chamboul\u00e9e, cette pi\u00e8ce sonne juste. Elle est percutante et en plus elle donne \u00e0 r\u00e9fl\u00e9chir sur les valeurs de notre soci\u00e9t\u00e9. En petit comit\u00e9 comme ici,&nbsp;y a pas&nbsp;de filtres&nbsp;: t\u2019es tout pr\u00e8s, si proche de leur r\u00e9alit\u00e9 et en plus il n\u2019y pas de d\u00e9cor alors c\u2019est comme si tu \u00e9tais un r\u00e9el t\u00e9moin. Et du coup tu te mets \u00e0&nbsp;r\u00e9fl\u00e9chir. ..<\/p>\n\n\n\n<p>Critiques WEB (Billetreduc) F\u00e9lix093<\/p>\n\n\n\n<p><br>-D\u00e9couverte tr\u00e8s int\u00e9ressante d&rsquo;un travail investi par une troupe de b\u00e9n\u00e9vole qui met en avant l&rsquo;aspect humain des d\u00e9tenus&#8230;.qui finalement recherchent leurs personnages dans un espace de jeu&nbsp;complexe,ce&nbsp;qui ainsi les replace chacun face \u00e0 leur d\u00e9lit qui les a fait voir rouge avant qu&rsquo;ils ne plongent dans le pr\u00e9cipice<br>\u00e9crit le 24\/06\/19 , a vu cet \u00e9v\u00e8nement avec BilletReduc.com&nbsp;<\/p>\n\n\n\n<p><strong>-la vie en prison&nbsp;<em>8\/10<\/em><\/strong><br>un bon moment , avec des r\u00e9ponses&nbsp;a&nbsp;certaines questions sur ce que vivent les prisonniers , et cela interroge grave&nbsp;<br>&nbsp;\u00e9crit le 04\/04\/19&nbsp;<\/p>\n\n\n\n<p><strong>-Beaucoup d&rsquo;\u00e9motions et tr\u00e8s p\u00e9dagogique<\/strong><\/p>\n\n\n\n<p><strong><em>10\/10<\/em><\/strong><\/p>\n\n\n\n<p><br>Un spectacle haut en \u00e9motions et tr\u00e8s p\u00e9dagogique qui permet de vivre de l&rsquo;int\u00e9rieur le tourment de ces personnes incarc\u00e9r\u00e9es. Un moment que nous avons partag\u00e9 en famille, tr\u00e8s appr\u00e9ci\u00e9 aussi par des adolescents.\u00a0<br>&#8212; \u00e9crit le 31\/03\/19\u00a0<\/p>\n\n\n\n<p><strong>-Une magnifique pi\u00e8ce !<\/strong><\/p>\n\n\n\n<p><strong><em>9\/10<\/em><\/strong><\/p>\n\n\n\n<p><br>D\u00e9j\u00e0 vue \u00e0 la Cartoucherie, cette pi\u00e8ce m&rsquo;a beaucoup touch\u00e9e. On rit, on pleure. La troupe nous emm\u00e8ne en milieu p\u00e9nitentiaire pendant 1h30. On en sort en ayant une id\u00e9e diff\u00e9rente des prisons !&nbsp;<br><a href=\"https:\/\/www.billetreduc.com\/evt_signalcritique.htm?idcritique=1428387&amp;idsa=&amp;uid=205327\" target=\"_blank\" rel=\"noopener\">#<\/a>&nbsp;\u00e9crit le 24\/03\/19<\/p>\n<\/div><\/div>\n\n\n<style>.kadence-column171_1cb646-de > .kt-inside-inner-col,.kadence-column171_1cb646-de > .kt-inside-inner-col:before{border-top-left-radius:0px;border-top-right-radius:0px;border-bottom-right-radius:0px;border-bottom-left-radius:0px;}.kadence-column171_1cb646-de > .kt-inside-inner-col{column-gap:var(--global-kb-gap-sm, 1rem);}.kadence-column171_1cb646-de > .kt-inside-inner-col{flex-direction:column;}.kadence-column171_1cb646-de > .kt-inside-inner-col > .aligncenter{width:100%;}.kadence-column171_1cb646-de > .kt-inside-inner-col:before{opacity:0.3;}.kadence-column171_1cb646-de{position:relative;}@media all and (max-width: 1024px){.kadence-column171_1cb646-de > .kt-inside-inner-col{flex-direction:column;justify-content:center;}}@media all and (max-width: 767px){.kadence-column171_1cb646-de > .kt-inside-inner-col{flex-direction:column;justify-content:center;}}<\/style>\n<div class=\"wp-block-kadence-column kadence-column171_1cb646-de\"><div class=\"kt-inside-inner-col\"><\/div><\/div>\n\n<\/div><\/div>","protected":false},"excerpt":{"rendered":"<p>La storia vera di un laboratorio teatrale in carcere con uomini e donne che hanno scelto di fare teatro da soli. I progressi che fanno, le pagine che girano...<\/p>","protected":false},"featured_media":169,"template":"","meta":{"_acf_changed":false,"_kad_blocks_custom_css":"","_kad_blocks_head_custom_js":"","_kad_blocks_body_custom_js":"","_kad_blocks_footer_custom_js":"","_kadence_starter_templates_imported_post":false,"_kad_post_transparent":"","_kad_post_title":"","_kad_post_layout":"","_kad_post_sidebar_id":"","_kad_post_content_style":"","_kad_post_vertical_padding":"","_kad_post_feature":"","_kad_post_feature_position":"","_kad_post_header":false,"_kad_post_footer":false,"_kad_post_classname":"","footnotes":""},"categories":[4],"tags":[],"class_list":["post-171","spectacle","type-spectacle","status-publish","has-post-thumbnail","hentry","category-en-diffusion"],"acf":[],"taxonomy_info":{"category":[{"value":4,"label":"En diffusion"}]},"featured_image_src_large":["https:\/\/arrangementtheatre.com\/wp-content\/uploads\/sites\/25\/2025\/07\/affichenumerodecrous2023WEB-01-727x1024.jpg",727,1024,true],"author_info":[],"comment_info":"","_links":{"self":[{"href":"https:\/\/arrangementtheatre.com\/it\/wp-json\/wp\/v2\/spectacle\/171","targetHints":{"allow":["GET"]}}],"collection":[{"href":"https:\/\/arrangementtheatre.com\/it\/wp-json\/wp\/v2\/spectacle"}],"about":[{"href":"https:\/\/arrangementtheatre.com\/it\/wp-json\/wp\/v2\/types\/spectacle"}],"version-history":[{"count":0,"href":"https:\/\/arrangementtheatre.com\/it\/wp-json\/wp\/v2\/spectacle\/171\/revisions"}],"wp:featuredmedia":[{"embeddable":true,"href":"https:\/\/arrangementtheatre.com\/it\/wp-json\/wp\/v2\/media\/169"}],"wp:attachment":[{"href":"https:\/\/arrangementtheatre.com\/it\/wp-json\/wp\/v2\/media?parent=171"}],"wp:term":[{"taxonomy":"category","embeddable":true,"href":"https:\/\/arrangementtheatre.com\/it\/wp-json\/wp\/v2\/categories?post=171"},{"taxonomy":"post_tag","embeddable":true,"href":"https:\/\/arrangementtheatre.com\/it\/wp-json\/wp\/v2\/tags?post=171"}],"curies":[{"name":"wp","href":"https:\/\/api.w.org\/{rel}","templated":true}]}}